{"id":2954,"date":"2026-05-18T09:36:25","date_gmt":"2026-05-18T09:36:25","guid":{"rendered":"https:\/\/www.cafesillesbalears.com\/cafe-de-especialidad\/"},"modified":"2026-09-03T09:04:25","modified_gmt":"2026-09-03T09:04:25","slug":"spezialitatenkaffee","status":"publish","type":"page","link":"https:\/\/www.cafesillesbalears.com\/de\/spezialitatenkaffee\/","title":{"rendered":"Spezialit\u00e4tenkaffee auf Mallorca: Handwerkliche R\u00f6stung &#038; Garantierte Frische"},"content":{"rendered":"<p>[et_pb_section fb_built=&#8220;1&#8243; admin_label=&#8220;Header&#8220; _builder_version=&#8220;4.25.1&#8243; _module_preset=&#8220;default&#8220; background_color=&#8220;rgba(0,0,0,0.26)&#8220; background_image=&#8220;https:\/\/www.cafesillesbalears.com\/wp-content\/uploads\/cafes-illes-balears-cafes-artesanos-mallroca.jpg&#8220; background_blend=&#8220;overlay&#8220; custom_padding=&#8220;4vw||4vw||true|false&#8220; locked=&#8220;off&#8220; collapsed=&#8220;on&#8220; global_colors_info=&#8220;{}&#8220;][et_pb_row _builder_version=&#8220;4.21.0&#8243; _module_preset=&#8220;default&#8220; max_width=&#8220;600px&#8220; custom_padding=&#8220;45px||45px||true|&#8220; global_colors_info=&#8220;{}&#8220;][et_pb_column type=&#8220;4_4&#8243; _builder_version=&#8220;4.21.0&#8243; _module_preset=&#8220;default&#8220; global_colors_info=&#8220;{}&#8220;][et_pb_text _builder_version=&#8220;4.27.7&#8243; _module_preset=&#8220;66c9717b-7f08-4a87-bcae-f43904c1f2d7&#8243; header_font=&#8220;|||on|||||&#8220; header_text_color=&#8220;#FFFFFF&#8220; header_font_size=&#8220;36px&#8220; header_line_height=&#8220;1.1em&#8220; text_orientation=&#8220;center&#8220; custom_margin=&#8220;||10px||false|false&#8220; custom_padding=&#8220;||0px|||&#8220; header_font_size_tablet=&#8220;36px&#8220; header_font_size_phone=&#8220;38px&#8220; header_font_size_last_edited=&#8220;on|phone&#8220; global_colors_info=&#8220;{}&#8220;]<\/p>\n<h1>Spezialit\u00e4tenkaffee auf Mallorca:<\/h1>\n<p>[\/et_pb_text][et_pb_text _builder_version=&#8220;4.27.7&#8243; _module_preset=&#8220;d61d1e09-0291-4701-b31d-543d6d25d6f1&#8243; text_text_color=&#8220;#FFFFFF&#8220; header_2_text_color=&#8220;#dddddd&#8220; header_2_font_size=&#8220;27px&#8220; text_orientation=&#8220;center&#8220; custom_margin=&#8220;-9px|||||&#8220; locked=&#8220;off&#8220; global_colors_info=&#8220;{}&#8220;]<\/p>\n<h2> Handwerkliche R\u00f6stung &#038; Garantierte Frische<\/h2>\n<p>[\/et_pb_text][\/et_pb_column][\/et_pb_row][\/et_pb_section][et_pb_section fb_built=&#8220;1&#8243; _builder_version=&#8220;4.22.2&#8243; _module_preset=&#8220;default&#8220; background_color=&#8220;#000000&#8243; custom_margin=&#8220;-3px||||false|false&#8220; custom_padding=&#8220;0px||3px||false|false&#8220; sticky_position=&#8220;top&#8220; sticky_position_tablet=&#8220;none&#8220; sticky_position_phone=&#8220;none&#8220; sticky_position_last_edited=&#8220;on|phone&#8220; global_colors_info=&#8220;{}&#8220;][et_pb_row _builder_version=&#8220;4.22.2&#8243; _module_preset=&#8220;default&#8220; width=&#8220;95%&#8220; custom_margin=&#8220;||||false|false&#8220; custom_padding=&#8220;20px||20px||true|false&#8220; global_colors_info=&#8220;{}&#8220;][et_pb_column type=&#8220;4_4&#8243; _builder_version=&#8220;4.22.2&#8243; _module_preset=&#8220;default&#8220; custom_padding=&#8220;||||false|false&#8220; global_colors_info=&#8220;{}&#8220;][et_pb_text _builder_version=&#8220;4.27.7&#8243; _module_preset=&#8220;default&#8220; header_2_font=&#8220;||||||||&#8220; header_2_text_color=&#8220;#FFFFFF&#8220; header_2_letter_spacing=&#8220;1px&#8220; header_3_text_color=&#8220;#FFFFFF&#8220; header_2_font_size_tablet=&#8220;&#8220; header_2_font_size_phone=&#8220;21px&#8220; header_2_font_size_last_edited=&#8220;on|phone&#8220; global_colors_info=&#8220;{}&#8220;]<\/p>\n<h3 style=\"text-align: center;\">Handwerkliche Kaffeer\u00f6sterei auf Mallorca<\/h3>\n<p>[\/et_pb_text][\/et_pb_column][\/et_pb_row][\/et_pb_section][et_pb_section fb_built=&#8220;1&#8243; admin_label=&#8220;Features&#8220; _builder_version=&#8220;4.22.2&#8243; _module_preset=&#8220;default&#8220; custom_margin_tablet=&#8220;&#8220; custom_margin_phone=&#8220;&#8220; custom_margin_last_edited=&#8220;on|phone&#8220; custom_padding=&#8220;20px||20px||true|false&#8220; locked=&#8220;off&#8220; collapsed=&#8220;off&#8220; global_colors_info=&#8220;{}&#8220;][et_pb_row admin_label=&#8220;tittle Row de&#8220; _builder_version=&#8220;4.22.2&#8243; _module_preset=&#8220;default&#8220; width_tablet=&#8220;90%&#8220; width_phone=&#8220;90%&#8220; width_last_edited=&#8220;on|tablet&#8220; custom_margin=&#8220;|||&#8220; custom_padding=&#8220;||0px|||&#8220; custom_width_px=&#8220;1280px&#8220; global_colors_info=&#8220;{}&#8220;][et_pb_column type=&#8220;4_4&#8243; _builder_version=&#8220;4.16&#8243; _module_preset=&#8220;default&#8220; custom_padding=&#8220;|||&#8220; global_colors_info=&#8220;{}&#8220; custom_padding__hover=&#8220;|||&#8220;][et_pb_text admin_label=&#8220;Tittle&#8220; _builder_version=&#8220;4.27.7&#8243; _module_preset=&#8220;46458431-5c1b-43f0-9c20-0d5b28865830&#8243; text_font=&#8220;||||||||&#8220; header_font=&#8220;||||||||&#8220; header_2_font=&#8220;|||on|||||&#8220; text_orientation=&#8220;center&#8220; custom_margin=&#8220;||10px||false|false&#8220; global_colors_info=&#8220;{}&#8220;]<\/p>\n<h2>Was ist Spezialit\u00e4tenkaffee und was macht ihn so besonders?<\/h2>\n<p>[\/et_pb_text][et_pb_text _builder_version=&#8220;4.27.7&#8243; _module_preset=&#8220;default&#8220; custom_margin=&#8220;||12px|||&#8220; global_colors_info=&#8220;{}&#8220;]<\/p>\n<p><strong>Spezialit\u00e4tenkaffee <\/strong>ist nicht nur ein Getr\u00e4nk; er ist das Ergebnis eines ethischen und handwerklichen Engagements entlang der gesamten Wertsch\u00f6pfungskette \u2013 vom Ursprung bis in die Tasse. Um als <strong>Spezialit\u00e4tenkaffee <\/strong>zertifiziert zu werden, muss er auf der internationalen <strong>Skala der Specialty Coffee Association (SCA)<\/strong> von zertifizierten Q-Gradern mit mindestens<strong> 80 von 100 Punkten bewertet werden<\/strong>. <\/p>\n<p>Im Gegensatz zu handels\u00fcblichem Massenkaffee garantiert Spezialit\u00e4tenkaffee:<\/p>\n<ul>\n<li><strong>L\u00fcckenlose R\u00fcckverfolgbarkeit: <\/strong>Wir kennen die Finca, den Produzenten, die botanische Variet\u00e4t (wie Castillo oder Caturra) und die Aufbereitungsmethode (gewaschen, natural oder honey).<\/li>\n<li><strong>Frei von Defekten: <\/strong>Handverlesene Bohnen f\u00fcr ein sauberes und gleichm\u00e4\u00dfiges Tassenprofil.<\/li>\n<li><strong>Individuelle Handr\u00f6stung: <\/strong>Wir r\u00f6sten jede Herkunft in unserer R\u00f6sterei in Son Ferriol (Palma) so, dass das nat\u00fcrliche Profil der Bohne geschont und nicht verbrannt wird \u2013 damit sich ihre aromatischen Noten optimal entfalten.<\/li>\n<li>Certificaci\u00f3n y sostenibilidad: Apoyo a pr\u00e1cticas de cultivo respetuosas con el medio ambiente y envases compostables.<\/li>\n<\/ul>\n<p>[\/et_pb_text][et_pb_image src=&#8220;https:\/\/www.cafesillesbalears.com\/wp-content\/uploads\/CafE-de-Especialidad-en-Mallorca-Tueste-Artesanal-2.jpg&#8220; alt=&#8220;Drei Kraftpapiert\u00fcten mit zertifiziertem Bio-Spezialit\u00e4tenkaffee von Caf\u00e9s Illes Balears in einer nat\u00fcrlichen Umgebung mit Kaffeebl\u00e4ttern und losen Bohnen. Die T\u00fcten zeigen die verschiedenen Cupping-Punkte (+80\/85, +85\/90, +90) auf farbigen Siegeln (Rot, Gelb, Blau). &#8220; title_text=&#8220;Spezialitaetenkaffee-auf-Mallorca-Handwerkliche-Roestung&#8220; align=&#8220;center&#8220; _builder_version=&#8220;4.27.7&#8243; _module_preset=&#8220;default&#8220; global_colors_info=&#8220;{}&#8220;][\/et_pb_image][et_pb_text _builder_version=&#8220;4.27.7&#8243; _module_preset=&#8220;default&#8220; custom_margin=&#8220;||0px|||&#8220; global_colors_info=&#8220;{}&#8220;]<\/p>\n<h3>Der Unterschied unseres Spezialit\u00e4tenkaffees<\/h3>\n<ul>\n<li><strong>Individuelle Handr\u00f6stung: <\/strong>Wir r\u00f6sten jede Herkunft in unserer R\u00f6sterei in Son Ferriol (Palma) so, dass das nat\u00fcrliche Profil der Bohne geschont und nicht verbrannt wird \u2013 damit sich ihre aromatischen Noten optimal entfalten.<\/li>\n<li><strong>Kompostierbare Verpackung: <\/strong>Wir sch\u00fctzen die Frische des Kaffees und reduzieren gleichzeitig unsere Umweltbelastung auf ein Minimum.<\/li>\n<li><strong>Bio-Spezialit\u00e4tenkaffee: <\/strong>Obwohl nicht jeder Spezialit\u00e4tenkaffee biologisch angebaut wird, tragen die Kaffees von Caf\u00e9s Illes Balears das Bio-Zertifizierungssiegel. Wir garantieren einen Anbau frei von synthetischen Pflanzenschutzmitteln und D\u00fcngern \u2013 f\u00fcr h\u00f6chste Qualit\u00e4t in der Tasse bei gleichzeitig tiefem Respekt f\u00fcr das \u00d6kosystem.  <\/li>\n<\/ul>\n<p>[\/et_pb_text][et_pb_image src=&#8220;https:\/\/www.cafesillesbalears.com\/wp-content\/uploads\/responsable_medio_ambiente.png&#8220; title_text=&#8220;responsable_medio_ambiente&#8220; align=&#8220;center&#8220; _builder_version=&#8220;4.27.7&#8243; _module_preset=&#8220;default&#8220; custom_margin=&#8220;||14px|||&#8220; global_colors_info=&#8220;{}&#8220;][\/et_pb_image][et_pb_text _builder_version=&#8220;4.27.7&#8243; _module_preset=&#8220;default&#8220; custom_margin=&#8220;||0px|||&#8220; global_colors_info=&#8220;{}&#8220;]<\/p>\n<h2>Lokales Engagement<\/h2>\n<ul><\/ul>\n<h3>R\u00f6stmeister auf Mallorca seit 1967<\/h3>\n<p>Bei Caf\u00e8s Illes Balears verbinden wir \u00fcber f\u00fcnf Jahrzehnte traditioneller R\u00f6stkunst auf der Insel mit den Innovationen des Third-Wave-Spezialit\u00e4tenkaffees. Wir r\u00f6sten w\u00f6chentlich in unserer Handwerksr\u00f6sterei in Palma, um maximale Frische f\u00fcr Privatkunden, Caf\u00e9s und Hotels auf Mallorca zu garantieren. <\/p>\n<p>[\/et_pb_text][et_pb_text _builder_version=&#8220;4.27.7&#8243; _module_preset=&#8220;default&#8220; custom_margin=&#8220;||0px|||&#8220; global_colors_info=&#8220;{}&#8220;]<\/p>\n<h3>Unsere Frische-Regel: 6 Wochen<\/h3>\n<p>F\u00fcr diese Art von Spezialit\u00e4tenkaffee empfehlen wir einen Verzehrzeitraum von 6 Wochen ab dem frischen R\u00f6stdatum hier auf der Insel. In diesem Zeitfenster beh\u00e4lt die Bohne ihre \u00e4therischen \u00d6le und ihr volles aromatisches Potenzial. Nach Ablauf dieser Zeit kann der Kaffee weiterhin bedenkenlos zu Hause genossen werden, verliert jedoch nach und nach die feinsten Nuancen, die Spezialit\u00e4tenkaffee so einzigartig machen.  <\/p>\n<p>[\/et_pb_text][et_pb_text _builder_version=&#8220;4.27.7&#8243; _module_preset=&#8220;default&#8220; header_2_font=&#8220;|||on|||||&#8220; header_2_text_align=&#8220;center&#8220; header_2_font_size=&#8220;40px&#8220; header_2_letter_spacing=&#8220;1px&#8220; header_2_line_height=&#8220;1.5em&#8220; custom_margin=&#8220;27px||10px||false|false&#8220; hover_enabled=&#8220;0&#8243; header_2_font_size_tablet=&#8220;32px&#8220; header_2_font_size_phone=&#8220;24px&#8220; header_2_font_size_last_edited=&#8220;on|phone&#8220; global_colors_info=&#8220;{}&#8220; header_3_text_align=&#8220;center&#8220; sticky_enabled=&#8220;0&#8243;]<\/p>\n<h2>Unser Spezialit\u00e4tenkaffee<\/h2>\n<h3>Zertifizierter Bio-Kaffee, frisch ger\u00f6stet in kleinen Chargen<\/h3>\n<p>[\/et_pb_text][et_pb_shop type=&#8220;product_category&#8220; posts_number=&#8220;1&#8243; include_categories=&#8220;446&#8243; columns_number=&#8220;1&#8243; _builder_version=&#8220;4.27.7&#8243; _module_preset=&#8220;default&#8220; width=&#8220;27%&#8220; width_tablet=&#8220;27%&#8220; width_phone=&#8220;100%&#8220; width_last_edited=&#8220;on|phone&#8220; module_alignment=&#8220;center&#8220; global_colors_info=&#8220;{}&#8220;][\/et_pb_shop][\/et_pb_column][\/et_pb_row][et_pb_row _builder_version=&#8220;4.27.7&#8243; _module_preset=&#8220;default&#8220; global_colors_info=&#8220;{}&#8220;][et_pb_column type=&#8220;4_4&#8243; _builder_version=&#8220;4.27.7&#8243; _module_preset=&#8220;default&#8220; global_colors_info=&#8220;{}&#8220;][et_pb_icon font_icon=&#8220;&#xf059;||fa||400&#8243; _builder_version=&#8220;4.27.7&#8243; _module_preset=&#8220;default&#8220; global_colors_info=&#8220;{}&#8220;][\/et_pb_icon][et_pb_text _builder_version=&#8220;4.27.7&#8243; _module_preset=&#8220;default&#8220; global_colors_info=&#8220;{}&#8220;]<\/p>\n<h3 style=\"text-align: center;\">H\u00e4ufig gestellte Fragen zu Spezialit\u00e4tenkaffee (FAQs)<\/h3>\n<p>[\/et_pb_text][et_pb_toggle title=&#8220;Wo kann ich frisch ger\u00f6steten Spezialit\u00e4tenkaffee in Palma de Mallorca kaufen?&#8220; _builder_version=&#8220;4.27.7&#8243; _module_preset=&#8220;default&#8220; title_level=&#8220;h3&#8243; title_font=&#8220;Open Sans||||||||&#8220; title_font_size=&#8220;19px&#8220; custom_margin=&#8220;||15px|||&#8220; global_colors_info=&#8220;{}&#8220;]<\/p>\n<p>Sie k\u00f6nnen unseren Spezialit\u00e4tenkaffee direkt in unserem Online-Shop mit schnellem Versand auf alle Inseln und das spanische Festland kaufen oder ein Gesch\u00e4ft unseres autorisierten H\u00e4ndlernetzwerks besuchen. Unser gesamter Kaffee wird in unserer Handwerksr\u00f6sterei in Son Ferriol (Palma) traditionell ger\u00f6stet. <\/p>\n<p>[\/et_pb_toggle][et_pb_toggle title=&#8220;Wo wird dieser Kaffee ger\u00f6stet?&#8220; _builder_version=&#8220;4.27.7&#8243; _module_preset=&#8220;default&#8220; title_level=&#8220;h3&#8243; title_font=&#8220;Open Sans||||||||&#8220; title_font_size=&#8220;19px&#8220; custom_margin=&#8220;||15px|||&#8220; global_colors_info=&#8220;{}&#8220;]<\/p>\n<p>Wie auf dem Etikett angegeben<b data-path-to-node=\"12\" data-index-in-node=\"35\">, wird der Kaffee von unserem R\u00f6stmeister in unserer eigenen R\u00f6sterei auf Mallorca in kleinen Chargen ger\u00f6stet<\/b>. Dies garantiert ein kontrolliertes Verfahren, absolute Frische und regionale N\u00e4he<\/p>\n<p>[\/et_pb_toggle][et_pb_toggle title=&#8220;Was ist der Unterschied zwischen kommerziellem Kaffee, Gourmet-Kaffee und Spezialit\u00e4tenkaffee?&#8220; _builder_version=&#8220;4.27.7&#8243; _module_preset=&#8220;default&#8220; title_level=&#8220;h3&#8243; title_font=&#8220;Open Sans||||||||&#8220; title_font_size=&#8220;19px&#8220; custom_margin=&#8220;||15px|||&#8220; global_colors_info=&#8220;{}&#8220;]<\/p>\n<p>Kommerzieller Kaffee setzt auf hohes Volumen zu niedrigen Kosten durch minderwertige Bohnen und dunkle R\u00fcstungen. Der Begriff &#8222;Gourmet&#8220; ist lediglich ein Marketingbegriff ohne technische Regulierung. Spezialit\u00e4tenkaffee hingegen ist die einzige offiziell von der SCA regulierte Kategorie, die mehr als 80 Cupping-Punkte, frische R\u00f6stung und vollst\u00e4ndige R\u00fcckverfolgbarkeit von der Finca garantiert.  <\/p>\n<p>[\/et_pb_toggle][et_pb_toggle title=&#8220;Ist jeder Spezialit\u00e4tenkaffee biologisch?&#8220; _builder_version=&#8220;4.27.7&#8243; _module_preset=&#8220;default&#8220; title_level=&#8220;h3&#8243; title_font=&#8220;Open Sans||||||||&#8220; title_font_size=&#8220;19px&#8220; custom_margin=&#8220;||15px|||&#8220; global_colors_info=&#8220;{}&#8220;]<\/p>\n<p>Nicht zwingend. Spezialit\u00e4tenkaffee misst die Qualit\u00e4t und Geschmacksreinheit in der Tasse (+80 SCA-Punkte), w\u00e4hrend das Bio-Siegel den Anbau ohne Chemikalien best\u00e4tigt. Obwohl nicht jeder Spezialit\u00e4tenkaffee biologisch ist, vereinen wir bei Caf\u00e9s Illes Balears die Bio-Zertifizierung in unserem gesamten Spezialit\u00e4tensortiment.  <\/p>\n<p>[\/et_pb_toggle][et_pb_toggle title=&#8220;Warum wird empfohlen, den Kaffee als ganze Bohne zu kaufen?&#8220; _builder_version=&#8220;4.27.7&#8243; _module_preset=&#8220;default&#8220; title_level=&#8220;h3&#8243; title_font=&#8220;Open Sans||||||||&#8220; title_font_size=&#8220;19px&#8220; custom_margin=&#8220;||15px|||&#8220; global_colors_info=&#8220;{}&#8220;]<\/p>\n<p>Ganze Kaffeebohnen bewahren die aromatischen \u00d6le und verhindern die schnelle Oxidation, die bei Kontakt mit Luft entsteht. F\u00fcr die volle sensorische Vielfalt empfehlen wir, den Kaffee erst direkt vor der Zubereitung zu mahlen. In unserem Shop liefern wir ihn jedoch auf Wunsch auch frisch gemahlen im perfekten Mahlgrad f\u00fcr Ihre Kaffeemaschine. <\/p>\n<p>[\/et_pb_toggle][et_pb_toggle title=&#8220;Was bedeutet die CBPAE-Bio-Zertifizierung f\u00fcr Ihren Spezialit\u00e4tenkaffee?&#8220; _builder_version=&#8220;4.27.7&#8243; _module_preset=&#8220;default&#8220; title_level=&#8220;h3&#8243; title_font=&#8220;Open Sans||||||||&#8220; title_font_size=&#8220;19px&#8220; custom_margin=&#8220;||15px|||&#8220; global_colors_info=&#8220;{}&#8220;]<\/p>\n<p>Das Siegel des Consell Balear de la Producci\u00f3 Agr\u00e0ria Ecol\u00f2gica (CBPAE) zertifiziert, dass der Kaffee ohne Pestizide oder synthetische D\u00fcngemittel angebaut wurde und unser R\u00f6st- und Verpackungsprozess auf Mallorca die offiziellen Audits zur biologischen R\u00fcckverfolgbarkeit strikt erf\u00fcllt.<\/p>\n<p>[\/et_pb_toggle][\/et_pb_column][\/et_pb_row][\/et_pb_section][et_pb_section fb_built=&#8220;1&#8243; make_equal=&#8220;on&#8220; specialty=&#8220;on&#8220; background_color_1=&#8220;#ffffff&#8220; padding_top_1=&#8220;60px&#8220; padding_right_1=&#8220;40px&#8220; padding_bottom_1=&#8220;60px&#8220; padding_left_1=&#8220;40px&#8220; padding_1_tablet=&#8220;40px|30px|40px|30px|true|true&#8220; padding_1_phone=&#8220;30px|20px|30px|20px|true|true&#8220; padding_1_last_edited=&#8220;on|tablet&#8220; admin_label=&#8220;Video &#038; Stats&#8220; _builder_version=&#8220;4.22.2&#8243; _module_preset=&#8220;default&#8220; background_color=&#8220;RGBA(255,255,255,0)&#8220; background_image=&#8220;https:\/\/www.cafesillesbalears.com\/wp-content\/uploads\/bg-cafe-illes-balears.jpg&#8220; parallax=&#8220;on&#8220; background_blend=&#8220;darken&#8220; custom_padding=&#8220;5vw||5vw||true|false&#8220; collapsed=&#8220;on&#8220; global_colors_info=&#8220;{}&#8220;][et_pb_column type=&#8220;1_2&#8243; _builder_version=&#8220;4.16&#8243; _module_preset=&#8220;default&#8220; custom_padding=&#8220;|||&#8220; global_colors_info=&#8220;{}&#8220; custom_padding__hover=&#8220;|||&#8220;][et_pb_text admin_label=&#8220;Tittle&#8220; _builder_version=&#8220;4.22.2&#8243; _module_preset=&#8220;46458431-5c1b-43f0-9c20-0d5b28865830&#8243; text_font=&#8220;||||||||&#8220; header_font=&#8220;||||||||&#8220; header_2_font=&#8220;|||on|||||&#8220; text_orientation=&#8220;center&#8220; custom_margin=&#8220;||10px||false|false&#8220; animation_style=&#8220;fade&#8220; header_2_font_size_phone=&#8220;23px&#8220; global_colors_info=&#8220;{}&#8220;]<\/p>\n<h2><strong>Handwerklich hergestellter kaffee<\/strong><\/h2>\n<p>[\/et_pb_text][et_pb_text disabled_on=&#8220;off|off|off&#8220; admin_label=&#8220;Subtittle&#8220; _builder_version=&#8220;4.22.2&#8243; _module_preset=&#8220;d61d1e09-0291-4701-b31d-543d6d25d6f1&#8243; text_font=&#8220;||||||||&#8220; text_orientation=&#8220;center&#8220; max_width_tablet=&#8220;&#8220; max_width_phone=&#8220;&#8220; max_width_last_edited=&#8220;on|phone&#8220; animation_style=&#8220;fade&#8220; animation_delay=&#8220;100ms&#8220; text_font_size_phone=&#8220;15px&#8220; locked=&#8220;off&#8220; global_colors_info=&#8220;{}&#8220;]<\/p>\n<p>Der Kaffee von Caf\u00e8s Illes Balears hebt sich von anderen Kaffeemarken, die auf der Insel angeboten werden, aufgrund seiner Herstellungsweise als auch wegen des intensiven Geschmacks und Dufts ab.<\/p>\n<p>[\/et_pb_text][et_pb_text disabled_on=&#8220;off|off|off&#8220; admin_label=&#8220;Subtittle&#8220; _builder_version=&#8220;4.24.2&#8243; _module_preset=&#8220;d61d1e09-0291-4701-b31d-543d6d25d6f1&#8243; text_font=&#8220;||||||||&#8220; text_orientation=&#8220;center&#8220; max_width_tablet=&#8220;&#8220; max_width_phone=&#8220;&#8220; max_width_last_edited=&#8220;on|phone&#8220; custom_padding=&#8220;15px|||||&#8220; animation_style=&#8220;fade&#8220; animation_delay=&#8220;100ms&#8220; text_font_size_phone=&#8220;15px&#8220; locked=&#8220;off&#8220; global_colors_info=&#8220;{}&#8220;]<\/p>\n<h3><strong>HERSTELLUNG<\/strong><\/h3>\n<p>Unser Kaffee wird in unserer Faktur in Palma de Mallorca ger\u00f6stet, wobei ein strenger Qualit\u00e4tssicherungsprozess eingehalten wird. Es ist tats\u00e4chlich so, dass wir aufgrund unserer R\u00f6stmethode nur 30 kg Kaffee pro R\u00f6stung verarbeiten. <\/p>\n<p>[\/et_pb_text][\/et_pb_column][et_pb_column type=&#8220;1_2&#8243; specialty_columns=&#8220;2&#8243; _builder_version=&#8220;4.16&#8243; _module_preset=&#8220;default&#8220; custom_padding=&#8220;|||&#8220; global_colors_info=&#8220;{}&#8220; custom_padding__hover=&#8220;|||&#8220;][et_pb_row_inner custom_padding_last_edited=&#8220;on|phone&#8220; _builder_version=&#8220;4.21.0&#8243; _module_preset=&#8220;default&#8220; background_color=&#8220;#ffffff&#8220; custom_padding=&#8220;60px|30px|60px|30px|true|true&#8220; custom_padding_tablet=&#8220;30px|30px|30px|30px|true|true&#8220; custom_padding_phone=&#8220;20px|20px|20px|20px|true|true&#8220; global_colors_info=&#8220;{}&#8220;][et_pb_column_inner saved_specialty_column_type=&#8220;1_2&#8243; _builder_version=&#8220;4.16&#8243; _module_preset=&#8220;default&#8220; custom_padding=&#8220;|||&#8220; global_colors_info=&#8220;{}&#8220; custom_padding__hover=&#8220;|||&#8220;][et_pb_text admin_label=&#8220;Tittle&#8220; _builder_version=&#8220;4.22.2&#8243; _module_preset=&#8220;46458431-5c1b-43f0-9c20-0d5b28865830&#8243; text_font=&#8220;||||||||&#8220; header_font=&#8220;||||||||&#8220; header_2_font=&#8220;|||on|||||&#8220; text_orientation=&#8220;center&#8220; custom_margin=&#8220;||10px||false|false&#8220; animation_style=&#8220;fade&#8220; header_2_font_size_phone=&#8220;30px&#8220; global_colors_info=&#8220;{}&#8220;]<\/p>\n<h2>Geschmack und Duft<\/h2>\n<p>[\/et_pb_text][et_pb_text disabled_on=&#8220;off|off|off&#8220; admin_label=&#8220;Subtittle&#8220; _builder_version=&#8220;4.24.2&#8243; _module_preset=&#8220;d61d1e09-0291-4701-b31d-543d6d25d6f1&#8243; text_font=&#8220;||||||||&#8220; text_orientation=&#8220;center&#8220; max_width_tablet=&#8220;&#8220; max_width_phone=&#8220;&#8220; max_width_last_edited=&#8220;on|phone&#8220; animation_style=&#8220;fade&#8220; animation_delay=&#8220;100ms&#8220; locked=&#8220;off&#8220; global_colors_info=&#8220;{}&#8220;]<\/p>\n<p><em><strong>Der Geschmack und der Duft unseres Kaffees ist eng mit seiner F\u00e4higkeit verbunden, seine Eigenschaften zu erhalten.<\/strong><\/em><\/p>\n<p>Wir verwenden ein Rotationssystem f\u00fcr den Kaffee, durch das unsere Kunden einen frischen und intensiven Kaffee erhalten, der frisch ger\u00f6stet ist und so alle Eigenschaften bewahrt. Alle unsere Kaffeeverpackungen sind mit einen Einwegventil ausgestattet, das f\u00fcr eine perfekte Konservierung des Kaffees sorgt. <br \/>Deshalb k\u00f6nnen wir mit Stolz sagen, dass Caf\u00e8s Illes Balears den besten Kaffee in Mallorca anbietet, sowohl als Bohnenkaffee als auch gemahlen.<\/p>\n<p>[\/et_pb_text][\/et_pb_column_inner][\/et_pb_row_inner][\/et_pb_column][\/et_pb_section]<\/p>\n","protected":false},"excerpt":{"rendered":"<p>Entdecken Sie biologischen Spezialit\u00e4tenkaffee aus Mallorca. Premium-Sortiment +80 bis +90 von Caf\u00e9s Illes Balears. Handger\u00f6stet. Jetzt online bestellen!   <\/p>\n","protected":false},"author":1,"featured_media":3399,"parent":0,"menu_order":0,"comment_status":"closed","ping_status":"closed","template":"","meta":{"_et_pb_use_builder":"on","_et_pb_old_content":"","_et_gb_content_width":"","_joinchat":[],"footnotes":""},"class_list":["post-2954","page","type-page","status-publish","has-post-thumbnail","hentry"],"aioseo_notices":[],"aioseo_head":"\n\t\t<!-- All in One SEO 5.0.0.1 - aioseo.com -->\n\t<meta name=\"description\" content=\"Entdecken Sie biologischen Spezialit\u00e4tenkaffee aus Mallorca. Premium-Sortiment +80 bis +90 von Caf\u00e9s Illes Balears. Handger\u00f6stet. Jetzt online bestellen!\" \/>\n\t<meta name=\"robots\" content=\"max-image-preview:large\" \/>\n\t<link rel=\"canonical\" href=\"https:\/\/www.cafesillesbalears.com\/de\/spezialitatenkaffee\/\" \/>\n\t<meta name=\"generator\" content=\"All in One SEO (AIOSEO) 5.0.0.1\" \/>\n\t\t<meta property=\"og:locale\" content=\"de_DE\" \/>\n\t\t<meta property=\"og:site_name\" content=\"Caf\u00e8s Illes Balears, Caf\u00e9 Artesanal en Mallorca - Venta y distribuci\u00f3n de caf\u00e9 en Mallorca, Espa\u00f1a y Europa\" \/>\n\t\t<meta property=\"og:type\" content=\"article\" \/>\n\t\t<meta property=\"og:title\" content=\"Spezialit\u00e4tenkaffee auf Mallorca - Caf\u00e8s Illes Balears\" \/>\n\t\t<meta property=\"og:description\" content=\"Entdecken Sie biologischen Spezialit\u00e4tenkaffee aus Mallorca. Premium-Sortiment +80 bis +90 von Caf\u00e9s Illes Balears. Handger\u00f6stet. Jetzt online bestellen!\" \/>\n\t\t<meta property=\"og:url\" content=\"https:\/\/www.cafesillesbalears.com\/de\/spezialitatenkaffee\/\" \/>\n\t\t<meta property=\"og:image\" content=\"https:\/\/www.cafesillesbalears.com\/wp-content\/uploads\/logo-rojo-ok.png\" \/>\n\t\t<meta property=\"og:image:secure_url\" content=\"https:\/\/www.cafesillesbalears.com\/wp-content\/uploads\/logo-rojo-ok.png\" \/>\n\t\t<meta property=\"og:image:width\" content=\"512\" \/>\n\t\t<meta property=\"og:image:height\" content=\"512\" \/>\n\t\t<meta property=\"article:published_time\" content=\"2026-05-18T09:36:25+00:00\" \/>\n\t\t<meta property=\"article:modified_time\" content=\"2026-09-03T09:04:25+00:00\" \/>\n\t\t<meta property=\"article:publisher\" content=\"https:\/\/www.facebook.com\/cafesillesbalears\" \/>\n\t\t<meta name=\"twitter:card\" content=\"summary_large_image\" \/>\n\t\t<meta name=\"twitter:title\" content=\"Spezialit\u00e4tenkaffee auf Mallorca - Caf\u00e8s Illes Balears\" \/>\n\t\t<meta name=\"twitter:description\" content=\"Entdecken Sie biologischen Spezialit\u00e4tenkaffee aus Mallorca. Premium-Sortiment +80 bis +90 von Caf\u00e9s Illes Balears. Handger\u00f6stet. Jetzt online bestellen!\" \/>\n\t\t<meta name=\"twitter:image\" content=\"https:\/\/www.cafesillesbalears.com\/wp-content\/uploads\/logo-rojo-ok.png\" \/>\n\t\t<script type=\"application\/ld+json\" class=\"aioseo-schema\">\n\t\t\t{\"@context\":\"https:\\\/\\\/schema.org\",\"@graph\":[{\"@type\":\"BreadcrumbList\",\"@id\":\"https:\\\/\\\/www.cafesillesbalears.com\\\/de\\\/spezialitatenkaffee\\\/#breadcrumblist\",\"itemListElement\":[{\"@type\":\"ListItem\",\"@id\":\"https:\\\/\\\/www.cafesillesbalears.com\\\/de\\\/#listItem\",\"position\":1,\"name\":\"Home\",\"item\":\"https:\\\/\\\/www.cafesillesbalears.com\\\/de\\\/\",\"nextItem\":{\"@type\":\"ListItem\",\"@id\":\"https:\\\/\\\/www.cafesillesbalears.com\\\/de\\\/spezialitatenkaffee\\\/#listItem\",\"name\":\"Spezialit\\u00e4tenkaffee auf Mallorca: Handwerkliche R\\u00f6stung &#038; Garantierte Frische\"}},{\"@type\":\"ListItem\",\"@id\":\"https:\\\/\\\/www.cafesillesbalears.com\\\/de\\\/spezialitatenkaffee\\\/#listItem\",\"position\":2,\"name\":\"Spezialit\\u00e4tenkaffee auf Mallorca: Handwerkliche R\\u00f6stung &#038; Garantierte Frische\",\"previousItem\":{\"@type\":\"ListItem\",\"@id\":\"https:\\\/\\\/www.cafesillesbalears.com\\\/de\\\/#listItem\",\"name\":\"Home\"}}]},{\"@type\":\"Organization\",\"@id\":\"https:\\\/\\\/www.cafesillesbalears.com\\\/de\\\/#organization\",\"name\":\"Caf\\u00e8s Illes Balears, Caf\\u00e9 Artesanal en Mallorca\",\"description\":\"Venta y distribuci\\u00f3n de caf\\u00e9 en Mallorca, Espa\\u00f1a y Europa\",\"url\":\"https:\\\/\\\/www.cafesillesbalears.com\\\/de\\\/\",\"logo\":{\"@type\":\"ImageObject\",\"url\":\"https:\\\/\\\/www.cafesillesbalears.com\\\/wp-content\\\/uploads\\\/cropped-cafes-illes-balears-512.png\",\"@id\":\"https:\\\/\\\/www.cafesillesbalears.com\\\/de\\\/spezialitatenkaffee\\\/#organizationLogo\",\"width\":512,\"height\":512},\"image\":{\"@id\":\"https:\\\/\\\/www.cafesillesbalears.com\\\/de\\\/spezialitatenkaffee\\\/#organizationLogo\"},\"sameAs\":[\"https:\\\/\\\/www.facebook.com\\\/cafesillesbalears\",\"https:\\\/\\\/www.instagram.com\\\/cafesillesbalears\\\/\"]},{\"@type\":\"WebPage\",\"@id\":\"https:\\\/\\\/www.cafesillesbalears.com\\\/de\\\/spezialitatenkaffee\\\/#webpage\",\"url\":\"https:\\\/\\\/www.cafesillesbalears.com\\\/de\\\/spezialitatenkaffee\\\/\",\"name\":\"Spezialit\\u00e4tenkaffee auf Mallorca - Caf\\u00e8s Illes Balears\",\"description\":\"Entdecken Sie biologischen Spezialit\\u00e4tenkaffee aus Mallorca. Premium-Sortiment +80 bis +90 von Caf\\u00e9s Illes Balears. Handger\\u00f6stet. Jetzt online bestellen!\",\"inLanguage\":\"de-DE\",\"isPartOf\":{\"@id\":\"https:\\\/\\\/www.cafesillesbalears.com\\\/de\\\/#website\"},\"breadcrumb\":{\"@id\":\"https:\\\/\\\/www.cafesillesbalears.com\\\/de\\\/spezialitatenkaffee\\\/#breadcrumblist\"},\"image\":{\"@type\":\"ImageObject\",\"url\":\"https:\\\/\\\/www.cafesillesbalears.com\\\/wp-content\\\/uploads\\\/CafE-de-Especialidad-en-Mallorca-Tueste-Artesanal.jpg\",\"@id\":\"https:\\\/\\\/www.cafesillesbalears.com\\\/de\\\/spezialitatenkaffee\\\/#mainImage\",\"width\":800,\"height\":1067,\"caption\":\"Descubre la Excelencia: Caf\\u00e9 de Especialidad Ecol\\u00f3gico de Mallorca\"},\"primaryImageOfPage\":{\"@id\":\"https:\\\/\\\/www.cafesillesbalears.com\\\/de\\\/spezialitatenkaffee\\\/#mainImage\"},\"datePublished\":\"2026-05-18T09:36:25+00:00\",\"dateModified\":\"2026-09-03T09:04:25+00:00\"},{\"@type\":\"WebSite\",\"@id\":\"https:\\\/\\\/www.cafesillesbalears.com\\\/de\\\/#website\",\"url\":\"https:\\\/\\\/www.cafesillesbalears.com\\\/de\\\/\",\"name\":\"Caf\\u00e8s Illes Balears, Caf\\u00e9 Artesanal en Mallorca\",\"description\":\"Venta y distribuci\\u00f3n de caf\\u00e9 en Mallorca, Espa\\u00f1a y Europa\",\"inLanguage\":\"de-DE\",\"publisher\":{\"@id\":\"https:\\\/\\\/www.cafesillesbalears.com\\\/de\\\/#organization\"}}]}\n\t\t<\/script>\n\t\t<!-- All in One SEO -->\n\n","aioseo_head_json":{"title":"Spezialit\u00e4tenkaffee auf Mallorca - Caf\u00e8s Illes Balears","description":"Entdecken Sie biologischen Spezialit\u00e4tenkaffee aus Mallorca. Premium-Sortiment +80 bis +90 von Caf\u00e9s Illes Balears. Handger\u00f6stet. Jetzt online bestellen!","canonical_url":"https:\/\/www.cafesillesbalears.com\/de\/spezialitatenkaffee\/","robots":"max-image-preview:large","keywords":"","webmasterTools":{"miscellaneous":""},"schema":{"@context":"https:\/\/schema.org","@graph":[{"@type":"BreadcrumbList","@id":"https:\/\/www.cafesillesbalears.com\/de\/spezialitatenkaffee\/#breadcrumblist","itemListElement":[{"@type":"ListItem","@id":"https:\/\/www.cafesillesbalears.com\/de\/#listItem","position":1,"name":"Home","item":"https:\/\/www.cafesillesbalears.com\/de\/","nextItem":{"@type":"ListItem","@id":"https:\/\/www.cafesillesbalears.com\/de\/spezialitatenkaffee\/#listItem","name":"Spezialit\u00e4tenkaffee auf Mallorca: Handwerkliche R\u00f6stung &#038; Garantierte Frische"}},{"@type":"ListItem","@id":"https:\/\/www.cafesillesbalears.com\/de\/spezialitatenkaffee\/#listItem","position":2,"name":"Spezialit\u00e4tenkaffee auf Mallorca: Handwerkliche R\u00f6stung &#038; Garantierte Frische","previousItem":{"@type":"ListItem","@id":"https:\/\/www.cafesillesbalears.com\/de\/#listItem","name":"Home"}}]},{"@type":"Organization","@id":"https:\/\/www.cafesillesbalears.com\/de\/#organization","name":"Caf\u00e8s Illes Balears, Caf\u00e9 Artesanal en Mallorca","description":"Venta y distribuci\u00f3n de caf\u00e9 en Mallorca, Espa\u00f1a y Europa","url":"https:\/\/www.cafesillesbalears.com\/de\/","logo":{"@type":"ImageObject","url":"https:\/\/www.cafesillesbalears.com\/wp-content\/uploads\/cropped-cafes-illes-balears-512.png","@id":"https:\/\/www.cafesillesbalears.com\/de\/spezialitatenkaffee\/#organizationLogo","width":512,"height":512},"image":{"@id":"https:\/\/www.cafesillesbalears.com\/de\/spezialitatenkaffee\/#organizationLogo"},"sameAs":["https:\/\/www.facebook.com\/cafesillesbalears","https:\/\/www.instagram.com\/cafesillesbalears\/"]},{"@type":"WebPage","@id":"https:\/\/www.cafesillesbalears.com\/de\/spezialitatenkaffee\/#webpage","url":"https:\/\/www.cafesillesbalears.com\/de\/spezialitatenkaffee\/","name":"Spezialit\u00e4tenkaffee auf Mallorca - Caf\u00e8s Illes Balears","description":"Entdecken Sie biologischen Spezialit\u00e4tenkaffee aus Mallorca. Premium-Sortiment +80 bis +90 von Caf\u00e9s Illes Balears. Handger\u00f6stet. Jetzt online bestellen!","inLanguage":"de-DE","isPartOf":{"@id":"https:\/\/www.cafesillesbalears.com\/de\/#website"},"breadcrumb":{"@id":"https:\/\/www.cafesillesbalears.com\/de\/spezialitatenkaffee\/#breadcrumblist"},"image":{"@type":"ImageObject","url":"https:\/\/www.cafesillesbalears.com\/wp-content\/uploads\/CafE-de-Especialidad-en-Mallorca-Tueste-Artesanal.jpg","@id":"https:\/\/www.cafesillesbalears.com\/de\/spezialitatenkaffee\/#mainImage","width":800,"height":1067,"caption":"Descubre la Excelencia: Caf\u00e9 de Especialidad Ecol\u00f3gico de Mallorca"},"primaryImageOfPage":{"@id":"https:\/\/www.cafesillesbalears.com\/de\/spezialitatenkaffee\/#mainImage"},"datePublished":"2026-05-18T09:36:25+00:00","dateModified":"2026-09-03T09:04:25+00:00"},{"@type":"WebSite","@id":"https:\/\/www.cafesillesbalears.com\/de\/#website","url":"https:\/\/www.cafesillesbalears.com\/de\/","name":"Caf\u00e8s Illes Balears, Caf\u00e9 Artesanal en Mallorca","description":"Venta y distribuci\u00f3n de caf\u00e9 en Mallorca, Espa\u00f1a y Europa","inLanguage":"de-DE","publisher":{"@id":"https:\/\/www.cafesillesbalears.com\/de\/#organization"}}]},"og:locale":"de_DE","og:site_name":"Caf\u00e8s Illes Balears, Caf\u00e9 Artesanal en Mallorca - Venta y distribuci\u00f3n de caf\u00e9 en Mallorca, Espa\u00f1a y Europa","og:type":"article","og:title":"Spezialit\u00e4tenkaffee auf Mallorca - Caf\u00e8s Illes Balears","og:description":"Entdecken Sie biologischen Spezialit\u00e4tenkaffee aus Mallorca. Premium-Sortiment +80 bis +90 von Caf\u00e9s Illes Balears. Handger\u00f6stet. Jetzt online bestellen!","og:url":"https:\/\/www.cafesillesbalears.com\/de\/spezialitatenkaffee\/","og:image":"https:\/\/www.cafesillesbalears.com\/wp-content\/uploads\/logo-rojo-ok.png","og:image:secure_url":"https:\/\/www.cafesillesbalears.com\/wp-content\/uploads\/logo-rojo-ok.png","og:image:width":512,"og:image:height":512,"article:published_time":"2026-05-18T09:36:25+00:00","article:modified_time":"2026-09-03T09:04:25+00:00","article:publisher":"https:\/\/www.facebook.com\/cafesillesbalears","twitter:card":"summary_large_image","twitter:title":"Spezialit\u00e4tenkaffee auf Mallorca - Caf\u00e8s Illes Balears","twitter:description":"Entdecken Sie biologischen Spezialit\u00e4tenkaffee aus Mallorca. Premium-Sortiment +80 bis +90 von Caf\u00e9s Illes Balears. Handger\u00f6stet. Jetzt online bestellen!","twitter:image":"https:\/\/www.cafesillesbalears.com\/wp-content\/uploads\/logo-rojo-ok.png"},"aioseo_meta_data":{"post_id":"2954","title":"Spezialit\u00e4tenkaffee auf Mallorca #separator_sa Caf\u00e8s Illes Balears","description":"Entdecken Sie biologischen Spezialit\u00e4tenkaffee aus Mallorca. Premium-Sortiment +80 bis +90 von Caf\u00e9s Illes Balears. Handger\u00f6stet. Jetzt online bestellen!   ","keywords":null,"keyphrases":{"focus":{"keyphrase":"Caf\u00e9 de Especialidad","score":0,"analysis":[]},"additional":[]},"primary_term":null,"canonical_url":null,"og_title":null,"og_description":null,"og_object_type":"default","og_image_type":"default","og_image_url":null,"og_image_width":null,"og_image_height":null,"og_image_custom_url":null,"og_image_custom_fields":null,"og_video":"","og_custom_url":null,"og_article_section":null,"og_article_tags":null,"twitter_use_og":false,"twitter_card":"default","twitter_image_type":"default","twitter_image_url":null,"twitter_image_custom_url":null,"twitter_image_custom_fields":null,"twitter_title":null,"twitter_description":null,"schema":{"blockGraphs":[],"customGraphs":[],"default":{"data":{"Article":[],"Course":[],"Dataset":[],"FAQPage":[],"Movie":[],"Person":[],"Product":[],"ProductReview":[],"Car":[],"Recipe":[],"Service":[],"SoftwareApplication":[],"WebPage":[]},"graphName":"WebPage","isEnabled":true},"graphs":[]},"schema_type":"default","schema_type_options":null,"pillar_content":false,"robots_default":true,"robots_noindex":false,"robots_noarchive":false,"robots_nosnippet":false,"robots_nofollow":false,"robots_noimageindex":false,"robots_noodp":false,"robots_notranslate":false,"robots_max_snippet":"-1","robots_max_videopreview":"-1","robots_max_imagepreview":"large","priority":null,"frequency":"default","local_seo":null,"breadcrumb_settings":null,"limit_modified_date":false,"ai":{"faqs":[],"keyPoints":[],"schemas":[],"titles":[],"descriptions":[],"socialPosts":{"email":{"subject":"","preview":"","content":""},"linkedin":[],"twitter":[],"facebook":[],"instagram":[]}},"created":"2026-05-18 09:58:58","updated":"2026-09-03 09:39:24","seo_analyzer_scan_date":null,"focus_keyword":"Caf\u00e9 de Especialidad","additional_keywords":null,"truseo_locale":null},"aioseo_breadcrumb":"<div class=\"aioseo-breadcrumbs\"><span class=\"aioseo-breadcrumb\">\n\t\t\t<a href=\"https:\/\/www.cafesillesbalears.com\/de\/\" title=\"Home\">Home<\/a>\n\t\t<\/span><span class=\"aioseo-breadcrumb-separator\">&raquo;<\/span><span class=\"aioseo-breadcrumb\">\n\t\t\tSpezialit\u00e4tenkaffee auf Mallorca: Handwerkliche R\u00f6stung &amp; Garantierte Frische\n\t\t<\/span><\/div>","aioseo_breadcrumb_json":[{"label":"Home","link":"https:\/\/www.cafesillesbalears.com\/de\/"},{"label":"Spezialit\u00e4tenkaffee auf Mallorca: Handwerkliche R\u00f6stung &#038; Garantierte Frische","link":"https:\/\/www.cafesillesbalears.com\/de\/spezialitatenkaffee\/"}],"_links":{"self":[{"href":"https:\/\/www.cafesillesbalears.com\/de\/wp-json\/wp\/v2\/pages\/2954","targetHints":{"allow":["GET"]}}],"collection":[{"href":"https:\/\/www.cafesillesbalears.com\/de\/wp-json\/wp\/v2\/pages"}],"about":[{"href":"https:\/\/www.cafesillesbalears.com\/de\/wp-json\/wp\/v2\/types\/page"}],"author":[{"embeddable":true,"href":"https:\/\/www.cafesillesbalears.com\/de\/wp-json\/wp\/v2\/users\/1"}],"replies":[{"embeddable":true,"href":"https:\/\/www.cafesillesbalears.com\/de\/wp-json\/wp\/v2\/comments?post=2954"}],"version-history":[{"count":6,"href":"https:\/\/www.cafesillesbalears.com\/de\/wp-json\/wp\/v2\/pages\/2954\/revisions"}],"predecessor-version":[{"id":3429,"href":"https:\/\/www.cafesillesbalears.com\/de\/wp-json\/wp\/v2\/pages\/2954\/revisions\/3429"}],"wp:featuredmedia":[{"embeddable":true,"href":"https:\/\/www.cafesillesbalears.com\/de\/wp-json\/wp\/v2\/media\/3399"}],"wp:attachment":[{"href":"https:\/\/www.cafesillesbalears.com\/de\/wp-json\/wp\/v2\/media?parent=2954"}],"curies":[{"name":"wp","href":"https:\/\/api.w.org\/{rel}","templated":true}]}}