{"id":857,"date":"2023-10-15T13:59:06","date_gmt":"2023-10-15T13:59:06","guid":{"rendered":"https:\/\/www.cafesillesbalears.com\/cafes-illes-balears\/"},"modified":"2025-11-18T17:56:41","modified_gmt":"2025-11-18T17:56:41","slug":"cafes-illes-balears","status":"publish","type":"page","link":"https:\/\/www.cafesillesbalears.com\/de\/","title":{"rendered":"Caf\u00e9s Illes Balears"},"content":{"rendered":"<p>[et_pb_section fb_built=&#8220;1&#8243; admin_label=&#8220;Header&#8220; _builder_version=&#8220;4.24.2&#8243; _module_preset=&#8220;default&#8220; background_color=&#8220;rgba(255, 255, 255, 0)&#8220; background_image=&#8220;https:\/\/www.cafesillesbalears.com\/wp-content\/uploads\/65144363.jpg&#8220; background_position=&#8220;top_center&#8220; custom_margin=&#8220;||3px|||&#8220; custom_padding=&#8220;8vw||8vw||true|false&#8220; locked=&#8220;off&#8220; collapsed=&#8220;off&#8220; global_colors_info=&#8220;{}&#8220;][et_pb_row _builder_version=&#8220;4.22.2&#8243; _module_preset=&#8220;default&#8220; animation_style=&#8220;slide&#8220; animation_direction=&#8220;top&#8220; global_colors_info=&#8220;{}&#8220;][et_pb_column type=&#8220;4_4&#8243; _builder_version=&#8220;4.21.0&#8243; _module_preset=&#8220;default&#8220; global_colors_info=&#8220;{}&#8220;][et_pb_text _builder_version=&#8220;4.24.2&#8243; _module_preset=&#8220;4c1c697c-4a7e-4e5a-a9bd-708189313853&#8243; header_font=&#8220;|||on|||||&#8220; header_text_color=&#8220;#FFFFFF&#8220; header_font_size=&#8220;56px&#8220; header_letter_spacing=&#8220;0em&#8220; header_line_height=&#8220;1.5em&#8220; text_orientation=&#8220;center&#8220; custom_margin=&#8220;||10px||false|false&#8220; header_font_size_tablet=&#8220;60px&#8220; header_font_size_phone=&#8220;36px&#8220; header_font_size_last_edited=&#8220;on|desktop&#8220; header_text_shadow_style=&#8220;preset2&#8243; global_colors_info=&#8220;{}&#8220;]<\/p>\n<h1>Vertrieb und Distribution von handwerklich ger\u00f6stetem Kaffee<\/h1>\n<p>[\/et_pb_text][et_pb_text _builder_version=&#8220;4.24.2&#8243; _module_preset=&#8220;b9959e25-00f7-4291-bda1-4a19c91fac22&#8243; header_5_font=&#8220;|||on|||||&#8220; header_5_text_color=&#8220;#FFFFFF&#8220; header_5_font_size=&#8220;20px&#8220; header_5_letter_spacing=&#8220;1px&#8220; header_5_line_height=&#8220;1.7em&#8220; text_orientation=&#8220;center&#8220; header_5_font_size_tablet=&#8220;16px&#8220; header_5_font_size_phone=&#8220;15px&#8220; header_5_font_size_last_edited=&#8220;on|phone&#8220; header_5_text_shadow_style=&#8220;preset2&#8243; global_colors_info=&#8220;{}&#8220;]<\/p>\n<h5>kaffee von den besten plantagen<\/h5>\n<p>[\/et_pb_text][et_pb_button button_url=&#8220;@ET-DC@eyJkeW5hbWljIjp0cnVlLCJjb250ZW50IjoicG9zdF9saW5rX3VybF9wYWdlIiwic2V0dGluZ3MiOnsicG9zdF9pZCI6IjExIiwiZW5hYmxlX2h0bWwiOiJvZmYifX0=@&#8220; button_text=&#8220;ONLINE-SHOP&#8220; button_alignment=&#8220;center&#8220; _builder_version=&#8220;4.24.2&#8243; _dynamic_attributes=&#8220;button_url&#8220; _module_preset=&#8220;10f46f73-6795-4f83-b0e1-01c54a5251da&#8220; custom_button=&#8220;on&#8220; button_text_size=&#8220;18px&#8220; button_text_color=&#8220;#FFFFFF&#8220; button_bg_color=&#8220;#f74334&#8243; button_border_width=&#8220;0px&#8220; button_border_color=&#8220;#474747&#8243; button_border_radius=&#8220;0px&#8220; button_letter_spacing=&#8220;0.1em&#8220; button_font=&#8220;|||on|||||&#8220; button_icon=&#8220;&#xe015;||divi||400&#8243; button_icon_placement=&#8220;left&#8220; button_on_hover=&#8220;off&#8220; global_colors_info=&#8220;{}&#8220; button_bg_color__hover=&#8220;#000000&#8243; button_bg_color__hover_enabled=&#8220;off|hover&#8220; button_border_color__hover=&#8220;#FFFFFF&#8220; button_border_color__hover_enabled=&#8220;off|hover&#8220; button_bg_enable_color__hover=&#8220;on&#8220;][\/et_pb_button][\/et_pb_column][\/et_pb_row][\/et_pb_section][et_pb_section fb_built=&#8220;1&#8243; _builder_version=&#8220;4.25.1&#8243; _module_preset=&#8220;default&#8220; background_color=&#8220;#000000&#8243; custom_margin=&#8220;-3px||||false|false&#8220; custom_padding=&#8220;0px||3px||false|false&#8220; sticky_position_tablet=&#8220;top&#8220; sticky_position_phone=&#8220;top&#8220; sticky_position_last_edited=&#8220;off|tablet&#8220; global_colors_info=&#8220;{}&#8220;][et_pb_row _builder_version=&#8220;4.22.2&#8243; _module_preset=&#8220;default&#8220; width=&#8220;95%&#8220; custom_margin=&#8220;||||false|false&#8220; custom_padding=&#8220;20px||20px||true|false&#8220; global_colors_info=&#8220;{}&#8220;][et_pb_column type=&#8220;4_4&#8243; _builder_version=&#8220;4.22.2&#8243; _module_preset=&#8220;default&#8220; custom_padding=&#8220;||||false|false&#8220; global_colors_info=&#8220;{}&#8220;][et_pb_text _builder_version=&#8220;4.24.2&#8243; _module_preset=&#8220;default&#8220; header_2_font=&#8220;||||||||&#8220; header_2_text_color=&#8220;#FFFFFF&#8220; header_2_letter_spacing=&#8220;1px&#8220; header_3_text_color=&#8220;#B3B3B3&#8243; header_2_font_size_tablet=&#8220;&#8220; header_2_font_size_phone=&#8220;21px&#8220; header_2_font_size_last_edited=&#8220;on|phone&#8220; global_colors_info=&#8220;{}&#8220;]<\/p>\n<h2 style=\"text-align: center;\">Kaffeevertrieb in Mallorca<\/h2>\n<h3 style=\"text-align: center;\">Versand auf die Balearischen Inseln, nach Spanien und in europ\u00e4ische L\u00e4nder<\/h3>\n<p>[\/et_pb_text][\/et_pb_column][\/et_pb_row][\/et_pb_section][et_pb_section fb_built=&#8220;1&#8243; _builder_version=&#8220;4.22.2&#8243; _module_preset=&#8220;default&#8220; custom_padding=&#8220;8px|||||&#8220; global_module=&#8220;200&#8243; saved_tabs=&#8220;all&#8220; global_colors_info=&#8220;{}&#8220;][et_pb_row _builder_version=&#8220;4.24.2&#8243; _module_preset=&#8220;default&#8220; width=&#8220;100%&#8220; max_width=&#8220;95%&#8220; global_colors_info=&#8220;{}&#8220;][et_pb_column type=&#8220;4_4&#8243; _builder_version=&#8220;4.22.2&#8243; _module_preset=&#8220;default&#8220; global_colors_info=&#8220;{}&#8220;][et_pb_text _builder_version=&#8220;4.24.2&#8243; _module_preset=&#8220;8e4ecd9c-6c3b-4f17-8257-9a70b9c79c3e&#8220; header_2_font=&#8220;|||on|||||&#8220; header_2_text_align=&#8220;center&#8220; header_2_font_size=&#8220;40px&#8220; header_2_letter_spacing=&#8220;1px&#8220; header_2_line_height=&#8220;1.5em&#8220; custom_margin=&#8220;||10px||false|false&#8220; header_2_text_align_tablet=&#8220;center&#8220; header_2_text_align_phone=&#8220;center&#8220; header_2_text_align_last_edited=&#8220;off|desktop&#8220; header_2_font_size_tablet=&#8220;32px&#8220; header_2_font_size_phone=&#8220;24px&#8220; header_2_font_size_last_edited=&#8220;on|phone&#8220; locked=&#8220;off&#8220; global_colors_info=&#8220;{}&#8220;]<\/p>\n<h2>Unsere kaffees<\/h2>\n<p>[\/et_pb_text][et_pb_text _builder_version=&#8220;4.24.2&#8243; _module_preset=&#8220;default&#8220; text_font_size=&#8220;18px&#8220; text_orientation=&#8220;center&#8220; width=&#8220;80%&#8220; module_alignment=&#8220;center&#8220; global_colors_info=&#8220;{}&#8220;]<\/p>\n<p><em>Unser sorgf\u00e4ltiger und liebevoller Umgang mit dem Produkt ist die Grundlage daf\u00fcr, verschiedene ausgewogene und perfekt aromatisierte Mischungen zu erzielen, die wir Ihnen vorstellen.<\/em><\/p>\n<p>[\/et_pb_text][et_pb_shop type=&#8220;product_category&#8220; posts_number=&#8220;5&#8243; include_categories=&#8220;16&#8243; columns_number=&#8220;5&#8243; show_rating=&#8220;off&#8220; _builder_version=&#8220;4.27.4&#8243; _module_preset=&#8220;default&#8220; title_text_align=&#8220;center&#8220; title_font_size=&#8220;20px&#8220; price_text_align=&#8220;center&#8220; price_font_size=&#8220;18px&#8220; global_colors_info=&#8220;{}&#8220;][\/et_pb_shop][\/et_pb_column][\/et_pb_row][\/et_pb_section][et_pb_section fb_built=&#8220;1&#8243; admin_label=&#8220;Call to Action&#8220; _builder_version=&#8220;4.22.2&#8243; background_image=&#8220;https:\/\/www.cafesillesbalears.com\/wp-content\/uploads\/section-bg-10.jpg&#8220; custom_margin=&#8220;|||&#8220; custom_padding=&#8220;4vw||8vw||false|false&#8220; background_last_edited=&#8220;on|tablet&#8220; use_background_color_gradient_tablet=&#8220;on&#8220; background_color_gradient_type_tablet=&#8220;circular&#8220; background_color_gradient_direction_radial_tablet=&#8220;bottom left&#8220; background_color_gradient_stops_tablet=&#8220;rgba(255,255,255,0.8) 40%|rgba(255,255,255,0) 100%&#8220; background_color_gradient_overlays_image_tablet=&#8220;on&#8220; background_position_phone=&#8220;top_left&#8220; collapsed=&#8220;on&#8220; global_colors_info=&#8220;{}&#8220;][et_pb_row column_structure=&#8220;1_2,1_2&#8243; module_class=&#8220; et_pb_row_fullwidth&#8220; _builder_version=&#8220;4.21.0&#8243; custom_padding=&#8220;||14px|||&#8220; make_fullwidth=&#8220;on&#8220; global_colors_info=&#8220;{}&#8220;][et_pb_column type=&#8220;1_2&#8243; _builder_version=&#8220;4.16&#8243; custom_padding=&#8220;|||&#8220; global_colors_info=&#8220;{}&#8220; custom_padding__hover=&#8220;|||&#8220;][\/et_pb_column][et_pb_column type=&#8220;1_2&#8243; _builder_version=&#8220;4.16&#8243; custom_padding=&#8220;|||&#8220; global_colors_info=&#8220;{}&#8220; custom_padding__hover=&#8220;|||&#8220;][et_pb_text _builder_version=&#8220;4.24.2&#8243; _module_preset=&#8220;8e4ecd9c-6c3b-4f17-8257-9a70b9c79c3e&#8220; header_2_font=&#8220;|||on|||||&#8220; header_2_font_size=&#8220;40px&#8220; header_2_letter_spacing=&#8220;1px&#8220; header_2_line_height=&#8220;1.5em&#8220; custom_margin=&#8220;||10px||false|false&#8220; header_2_text_align_tablet=&#8220;center&#8220; header_2_text_align_phone=&#8220;center&#8220; header_2_text_align_last_edited=&#8220;on|phone&#8220; header_2_font_size_tablet=&#8220;32px&#8220; header_2_font_size_phone=&#8220;24px&#8220; header_2_font_size_last_edited=&#8220;on|phone&#8220; global_colors_info=&#8220;{}&#8220;]<\/p>\n<h2>handwerklich hergestellter kaffee<\/h2>\n<p>[\/et_pb_text][et_pb_text _builder_version=&#8220;4.27.4&#8243; _module_preset=&#8220;a0ad609b-6555-447a-8047-d716f6e71f2d&#8220; text_font=&#8220;||||||||&#8220; text_font_size=&#8220;20px&#8220; hover_enabled=&#8220;0&#8243; text_text_color_tablet=&#8220;&#8220; text_text_color_phone=&#8220;#575757&#8243; text_text_color_last_edited=&#8220;on|desktop&#8220; text_font_size_tablet=&#8220;18px&#8220; text_font_size_phone=&#8220;18px&#8220; text_font_size_last_edited=&#8220;on|desktop&#8220; text_orientation_tablet=&#8220;center&#8220; text_orientation_phone=&#8220;center&#8220; text_orientation_last_edited=&#8220;on|tablet&#8220; global_colors_info=&#8220;{}&#8220; sticky_enabled=&#8220;0&#8243;]<\/p>\n<p><strong>Caf\u00e8s Illes Balears<\/strong> ist der <strong>\u00e4lteste handwerkliche Kaffeehersteller in Mallorca.<\/strong> Der Rat f\u00fcr Kultur und historisches Erbe hat dem Unternehmen im Jahr 2014 die Urkunde Nr. 260 f\u00fcr ein Handwerksunternehmen der Kaffeeherstellung ausgestellt.<\/p>\n<p><em>&#8220; Seit 1967 bieten wir ausgew\u00e4hlten Kaffee von h\u00f6chster Qualit\u00e4t und einen kompletten, pers\u00f6nlichen Service f\u00fcr alle unsere Kunden. &#8222;<\/em><\/p>\n<p>[\/et_pb_text][et_pb_button button_url=&#8220;@ET-DC@eyJkeW5hbWljIjp0cnVlLCJjb250ZW50IjoicG9zdF9saW5rX3VybF9wYWdlIiwic2V0dGluZ3MiOnsicG9zdF9pZCI6IjE3MCIsImVuYWJsZV9odG1sIjoib2ZmIn19@&#8220; button_text=&#8220;MEHR ERFAHREN&#8220; button_alignment=&#8220;left&#8220; button_alignment_tablet=&#8220;center&#8220; button_alignment_phone=&#8220;center&#8220; button_alignment_last_edited=&#8220;on|tablet&#8220; _builder_version=&#8220;4.24.2&#8243; _dynamic_attributes=&#8220;button_url&#8220; _module_preset=&#8220;10f46f73-6795-4f83-b0e1-01c54a5251da&#8220; custom_button=&#8220;on&#8220; button_text_size=&#8220;18px&#8220; button_text_color=&#8220;#FFFFFF&#8220; button_bg_color=&#8220;#f74334&#8243; button_border_width=&#8220;0px&#8220; button_border_color=&#8220;#474747&#8243; button_border_radius=&#8220;0px&#8220; button_letter_spacing=&#8220;0.1em&#8220; button_font=&#8220;|||on|||||&#8220; button_icon=&#8220;&#x24;||divi||400&#8243; button_icon_placement=&#8220;left&#8220; button_on_hover=&#8220;off&#8220; global_colors_info=&#8220;{}&#8220; button_bg_color__hover=&#8220;#000000&#8243; button_bg_color__hover_enabled=&#8220;off|hover&#8220; button_border_color__hover=&#8220;#FFFFFF&#8220; button_border_color__hover_enabled=&#8220;off|hover&#8220; button_bg_enable_color__hover=&#8220;on&#8220;][\/et_pb_button][\/et_pb_column][\/et_pb_row][\/et_pb_section][et_pb_section fb_built=&#8220;1&#8243; admin_label=&#8220;Call to Action&#8220; _builder_version=&#8220;4.22.2&#8243; background_color_gradient_direction=&#8220;90deg&#8220; custom_padding=&#8220;0px||0px||true|false&#8220; box_shadow_style=&#8220;preset3&#8243; box_shadow_horizontal=&#8220;-15px&#8220; box_shadow_vertical=&#8220;-17px&#8220; collapsed=&#8220;on&#8220; global_colors_info=&#8220;{}&#8220;][et_pb_row column_structure=&#8220;1_2,1_2&#8243; use_custom_gutter=&#8220;on&#8220; gutter_width=&#8220;1&#8243; make_equal=&#8220;on&#8220; admin_label=&#8220;DIE BESTEN KAFFEEBOHNEN ROW&#8220; module_class=&#8220; et_pb_row_fullwidth&#8220; _builder_version=&#8220;4.24.2&#8243; width=&#8220;100%&#8220; max_width=&#8220;none&#8220; custom_margin=&#8220;|||&#8220; custom_padding=&#8220;0px||0px||false|false&#8220; custom_css_main_element=&#8220;display: flex;||flex-wrap: wrap;&#8220; make_fullwidth=&#8220;on&#8220; global_colors_info=&#8220;{}&#8220;][et_pb_column type=&#8220;1_2&#8243; _builder_version=&#8220;4.24.2&#8243; custom_padding=&#8220;5%|8%|5%|8%|true|true&#8220; custom_padding_tablet=&#8220;5%|8%|5%|8%|true|true&#8220; custom_padding_phone=&#8220;6%|8%|6%|8%|true|true&#8220; custom_padding_last_edited=&#8220;on|phone&#8220; custom_css_main_element=&#8220;order: 2;&#8220; global_colors_info=&#8220;{}&#8220; custom_padding__hover=&#8220;|||&#8220;][et_pb_text _builder_version=&#8220;4.22.2&#8243; _module_preset=&#8220;8e4ecd9c-6c3b-4f17-8257-9a70b9c79c3e&#8220; header_2_font=&#8220;|||on|||||&#8220; header_2_font_size=&#8220;40px&#8220; header_2_letter_spacing=&#8220;1px&#8220; header_2_line_height=&#8220;1.5em&#8220; header_3_font_size=&#8220;40px&#8220; custom_margin=&#8220;||10px||false|false&#8220; header_2_font_size_tablet=&#8220;32px&#8220; header_2_font_size_phone=&#8220;24px&#8220; header_2_font_size_last_edited=&#8220;on|desktop&#8220; header_3_text_align_tablet=&#8220;center&#8220; header_3_text_align_phone=&#8220;center&#8220; header_3_text_align_last_edited=&#8220;on|tablet&#8220; header_3_font_size_tablet=&#8220;32px&#8220; header_3_font_size_phone=&#8220;24px&#8220; header_3_font_size_last_edited=&#8220;on|phone&#8220; global_colors_info=&#8220;{}&#8220;]<\/p>\n<h3>UNSERE AUFGABE<\/h3>\n<p>[\/et_pb_text][et_pb_text _builder_version=&#8220;4.22.2&#8243; _module_preset=&#8220;a0ad609b-6555-447a-8047-d716f6e71f2d&#8220; text_font=&#8220;||||||||&#8220; text_font_size=&#8220;18px&#8220; custom_padding=&#8220;||0px|||&#8220; text_font_size_tablet=&#8220;18px&#8220; text_font_size_phone=&#8220;18px&#8220; text_font_size_last_edited=&#8220;on|desktop&#8220; text_orientation_tablet=&#8220;center&#8220; text_orientation_phone=&#8220;center&#8220; text_orientation_last_edited=&#8220;on|tablet&#8220; global_colors_info=&#8220;{}&#8220;]<\/p>\n<p>Als <strong>Kaffeevertrieb<\/strong> ist es unsere Aufgabe, ein Produkt der h\u00f6chsten Qualit\u00e4t und den bestm\u00f6glichen Service im Bereich Kaffee in Mallorca anzubieten. Dazu haben wir in unseren R\u00e4umlichkeiten eine R\u00f6sterei eingerichtet, in der wir unseren eigenen Kaffee nach einem strengen Verarbeitungsprozess r\u00f6sten.<\/p>\n<p>So k\u00f6nnen wir allen unseren Kunden die Qualit\u00e4t und den intensiven und nat\u00fcrlichen Geschmack unseres Kaffees garantieren.<\/p>\n<p><em>&#8222;<strong> Mit mehr als 50 Jahren Erfahrung in der Kaffeebranche<\/strong> ist <strong>Caf\u00e8s Illes Balears<\/strong> das f\u00fchrende Kaffeeunternehmen auf Mallorca. &#8222;<\/em><\/p>\n<p>[\/et_pb_text][\/et_pb_column][et_pb_column type=&#8220;1_2&#8243; _builder_version=&#8220;4.24.2&#8243; background_image=&#8220;https:\/\/www.cafesillesbalears.com\/wp-content\/uploads\/cafes-illes-balears-venta-online2.jpg&#8220; custom_padding=&#8220;|||&#8220; custom_padding_tablet=&#8220;|||&#8220; custom_padding_phone=&#8220;33px||33px||true|false&#8220; custom_padding_last_edited=&#8220;on|phone&#8220; custom_css_main_element=&#8220;order: 1;&#8220; global_colors_info=&#8220;{}&#8220; custom_padding__hover=&#8220;|||&#8220;][et_pb_divider show_divider=&#8220;off&#8220; _builder_version=&#8220;4.21.0&#8243; _module_preset=&#8220;default&#8220; height_tablet=&#8220;40vw&#8220; height_phone=&#8220;40vw&#8220; height_last_edited=&#8220;on|desktop&#8220; global_colors_info=&#8220;{}&#8220;][\/et_pb_divider][\/et_pb_column][\/et_pb_row][\/et_pb_section][et_pb_section fb_built=&#8220;1&#8243; admin_label=&#8220;Call to Action&#8220; _builder_version=&#8220;4.24.2&#8243; background_color_gradient_direction=&#8220;90deg&#8220; custom_margin=&#8220;0px||0px||false|false&#8220; custom_padding=&#8220;0px||0px||true|false&#8220; box_shadow_style=&#8220;preset3&#8243; collapsed=&#8220;on&#8220; global_colors_info=&#8220;{}&#8220;][et_pb_row column_structure=&#8220;1_2,1_2&#8243; use_custom_gutter=&#8220;on&#8220; gutter_width=&#8220;1&#8243; make_equal=&#8220;on&#8220; admin_label=&#8220;DIE BESTEN KAFFEEBOHNEN ROW&#8220; module_class=&#8220; et_pb_row_fullwidth&#8220; _builder_version=&#8220;4.27.4&#8243; width=&#8220;100%&#8220; max_width=&#8220;none&#8220; custom_margin=&#8220;|||&#8220; custom_padding=&#8220;0px||0px||false|false&#8220; hover_enabled=&#8220;0&#8243; custom_css_main_element=&#8220;display: flex;||flex-wrap: wrap;&#8220; make_fullwidth=&#8220;on&#8220; global_colors_info=&#8220;{}&#8220; sticky_enabled=&#8220;0&#8243;][et_pb_column type=&#8220;1_2&#8243; _builder_version=&#8220;4.24.2&#8243; background_image=&#8220;https:\/\/www.cafesillesbalears.com\/wp-content\/uploads\/cafes-illes-balears-cafes-artesanos-mallroca.jpg&#8220; background_position=&#8220;bottom_left&#8220; custom_padding=&#8220;|||&#8220; custom_padding_tablet=&#8220;|||&#8220; custom_padding_phone=&#8220;25px||25px||true|false&#8220; custom_padding_last_edited=&#8220;on|phone&#8220; global_colors_info=&#8220;{}&#8220; custom_padding__hover=&#8220;|||&#8220;][et_pb_divider show_divider=&#8220;off&#8220; _builder_version=&#8220;4.21.0&#8243; _module_preset=&#8220;default&#8220; height_tablet=&#8220;40vw&#8220; height_phone=&#8220;40vw&#8220; height_last_edited=&#8220;on|desktop&#8220; global_colors_info=&#8220;{}&#8220;][\/et_pb_divider][\/et_pb_column][et_pb_column type=&#8220;1_2&#8243; _builder_version=&#8220;4.27.4&#8243; custom_padding=&#8220;2%|8%|2%|8%|true|true&#8220; hover_enabled=&#8220;0&#8243; global_colors_info=&#8220;{}&#8220; custom_padding__hover=&#8220;|||&#8220; sticky_enabled=&#8220;0&#8243;][et_pb_text _builder_version=&#8220;4.22.2&#8243; _module_preset=&#8220;8e4ecd9c-6c3b-4f17-8257-9a70b9c79c3e&#8220; header_2_font=&#8220;|||on|||||&#8220; header_2_font_size=&#8220;40px&#8220; header_2_letter_spacing=&#8220;1px&#8220; header_2_line_height=&#8220;1.5em&#8220; header_3_font_size=&#8220;40px&#8220; custom_margin=&#8220;55px||22px||false|false&#8220; custom_margin_tablet=&#8220;20px||||false|false&#8220; custom_margin_phone=&#8220;20px||||false|false&#8220; custom_margin_last_edited=&#8220;on|phone&#8220; header_2_font_size_tablet=&#8220;32px&#8220; header_2_font_size_phone=&#8220;24px&#8220; header_2_font_size_last_edited=&#8220;on|desktop&#8220; header_3_text_align_tablet=&#8220;center&#8220; header_3_text_align_phone=&#8220;center&#8220; header_3_text_align_last_edited=&#8220;on|tablet&#8220; header_3_font_size_tablet=&#8220;32px&#8220; header_3_font_size_phone=&#8220;24px&#8220; header_3_font_size_last_edited=&#8220;on|phone&#8220; global_colors_info=&#8220;{}&#8220;]<\/p>\n<h3>UNSERE WERTE<\/h3>\n<p>[\/et_pb_text][et_pb_text _builder_version=&#8220;4.27.4&#8243; _module_preset=&#8220;a0ad609b-6555-447a-8047-d716f6e71f2d&#8220; text_font=&#8220;||||||||&#8220; text_font_size=&#8220;18px&#8220; custom_margin=&#8220;||42px|||&#8220; hover_enabled=&#8220;0&#8243; text_font_size_tablet=&#8220;18px&#8220; text_font_size_phone=&#8220;18px&#8220; text_font_size_last_edited=&#8220;on|desktop&#8220; text_orientation_tablet=&#8220;center&#8220; text_orientation_phone=&#8220;center&#8220; text_orientation_last_edited=&#8220;on|tablet&#8220; global_colors_info=&#8220;{}&#8220; sticky_enabled=&#8220;0&#8243;]<strong>Kaffee von h\u00f6chster Qualit\u00e4t<\/strong><br \/>Wir w\u00e4hlen und r\u00f6sten jede Charge mit anspruchsvollen Standards, um in jeder Tasse einen au\u00dfergew\u00f6hnlichen Geschmack zu gew\u00e4hrleisten.<\/p>\n<p><strong>Kontinuierliche Kontrolle und Analyse<\/strong><br \/>\nWir \u00fcberwachen jede Phase des Prozesses, vom Ursprung bis zur R\u00f6stung, um R\u00fcckverfolgbarkeit und Exzellenz zu sichern.<\/p>\n<p><strong>Transparenz, Respekt und Ehrlichkeit<\/strong><br \/>\nWir bauen Beziehungen auf Vertrauen auf und legen offen dar, was wir tun und wie wir es tun.<\/p>\n<p><strong>Fortlaufende Forschung und Weiterbildung<\/strong><br \/>Wir entwickeln uns st\u00e4ndig weiter, lernen und innovieren, um immer das Beste in der Welt des Kaffees anzubieten.<\/p>\n<p><strong>Engagement f\u00fcr die Umwelt<\/strong><br \/>Wir handeln verantwortungsbewusst, schonen Ressourcen und f\u00f6rdern nachhaltige Praktiken von der Farm bis zu Ihrer Tasse.[\/et_pb_text][\/et_pb_column][\/et_pb_row][\/et_pb_section][et_pb_section fb_built=&#8220;1&#8243; admin_label=&#8220;Features&#8220; _builder_version=&#8220;4.24.2&#8243; background_color=&#8220;#000000&#8243; background_enable_image=&#8220;off&#8220; background_blend=&#8220;color-dodge&#8220; custom_padding=&#8220;33px|||||&#8220; locked=&#8220;off&#8220; collapsed=&#8220;on&#8220; global_colors_info=&#8220;{}&#8220;][et_pb_row admin_label=&#8220;tittle Row de&#8220; _builder_version=&#8220;4.22.2&#8243; custom_margin=&#8220;|||&#8220; custom_width_px=&#8220;1280px&#8220; global_colors_info=&#8220;{}&#8220;][et_pb_column type=&#8220;4_4&#8243; _builder_version=&#8220;4.16&#8243; custom_padding=&#8220;|||&#8220; global_colors_info=&#8220;{}&#8220; custom_padding__hover=&#8220;|||&#8220;][et_pb_text admin_label=&#8220;Tittle&#8220; _builder_version=&#8220;4.22.2&#8243; _module_preset=&#8220;8e4ecd9c-6c3b-4f17-8257-9a70b9c79c3e&#8220; text_font=&#8220;||||||||&#8220; header_font=&#8220;||||||||&#8220; header_2_font=&#8220;Oswald|||on|||||&#8220; header_2_text_color=&#8220;#FFFFFF&#8220; header_2_font_size=&#8220;40px&#8220; header_2_letter_spacing=&#8220;1px&#8220; header_2_line_height=&#8220;1.5em&#8220; header_4_text_color=&#8220;#f74334&#8243; header_4_font_size=&#8220;20px&#8220; header_4_line_height=&#8220;1.2em&#8220; text_orientation=&#8220;center&#8220; custom_margin=&#8220;||19px|||&#8220; header_2_font_size_tablet=&#8220;32px&#8220; header_2_font_size_phone=&#8220;24px&#8220; header_2_font_size_last_edited=&#8220;on|desktop&#8220; header_4_font_size_tablet=&#8220;20px&#8220; header_4_font_size_phone=&#8220;22px&#8220; header_4_font_size_last_edited=&#8220;on|tablet&#8220; global_colors_info=&#8220;{}&#8220;]<\/p>\n<h2>kaffeelieferanten<\/h2>\n<h4>Caf\u00e8s Illes Balears ist der Kaffeelieferant, den Sie suchen.<\/h4>\n<h4><\/h4>\n<p>[\/et_pb_text][et_pb_text disabled_on=&#8220;off|off|off&#8220; admin_label=&#8220;Texts&#8220; _builder_version=&#8220;4.27.4&#8243; _module_preset=&#8220;a0ad609b-6555-447a-8047-d716f6e71f2d&#8220; text_font=&#8220;||||||||&#8220; text_text_color=&#8220;#D6D6D6&#8243; text_font_size=&#8220;18px&#8220; text_orientation=&#8220;center&#8220; hover_enabled=&#8220;0&#8243; text_font_size_tablet=&#8220;18px&#8220; text_font_size_phone=&#8220;18px&#8220; text_font_size_last_edited=&#8220;on|desktop&#8220; text_orientation_tablet=&#8220;center&#8220; text_orientation_phone=&#8220;center&#8220; text_orientation_last_edited=&#8220;off|desktop&#8220; locked=&#8220;off&#8220; global_colors_info=&#8220;{}&#8220; sticky_enabled=&#8220;0&#8243; link_text_color=&#8220;#F74334&#8243;]<\/p>\n<p>Wir bieten unsere Produkte sowohl an Endkunden als auch an Unternehmen in ganz Europa an. Unsere Kunden in Mallorca k\u00f6nnen unsere<span> <\/span><strong>Kaffeefaktur <\/strong> in <span>Palma <\/span> besuchen, um unseren Kaffee zu kosten und zu kaufen. \u00dcber unser Bestellsystem und unseren Online-Shop liefern wir auch zu Ihnen nach Hause.<\/p>\n<p>Wir vertreiben Kaffee auf der gesamten Insel Mallorca, auf den restlichen Balearen, dem spanischen Festland (Pen\u00ednsula) und in vielen europ\u00e4ischen L\u00e4ndern wie Frankreich, Deutschland, den Niederlanden, Schweden usw. <a href=\"https:\/\/www.cafesillesbalears.com\/de\/versandbedingungen\/\" title=\"Kaffeeversand nach Europa\">(Alle L\u00e4nder anzeigen)<\/a><\/p>\n<p>[\/et_pb_text][\/et_pb_column][\/et_pb_row][\/et_pb_section][et_pb_section fb_built=&#8220;1&#8243; _builder_version=&#8220;4.22.2&#8243; _module_preset=&#8220;default&#8220; custom_margin=&#8220;18px|||||&#8220; custom_padding=&#8220;7px||21px|||&#8220; border_color_top=&#8220;#D6D6D6&#8243; global_colors_info=&#8220;{}&#8220;][et_pb_row _builder_version=&#8220;4.22.2&#8243; _module_preset=&#8220;default&#8220; global_colors_info=&#8220;{}&#8220;][et_pb_column type=&#8220;4_4&#8243; _builder_version=&#8220;4.22.2&#8243; _module_preset=&#8220;default&#8220; global_colors_info=&#8220;{}&#8220;][et_pb_text _builder_version=&#8220;4.22.2&#8243; _module_preset=&#8220;default&#8220; header_4_font=&#8220;|600|||||||&#8220; header_4_text_align=&#8220;center&#8220; header_4_font_size=&#8220;31px&#8220; global_colors_info=&#8220;{}&#8220;]<\/p>\n<h4>&#8220; Genie\u00dfen Sie den besten nat\u00fcrlichen ger\u00f6steten Kaffee &#8222;<\/h4>\n<p>[\/et_pb_text][\/et_pb_column][\/et_pb_row][et_pb_row column_structure=&#8220;1_4,1_4,1_4,1_4&#8243; admin_label=&#8220;kaffee Info&#8220; _builder_version=&#8220;4.22.2&#8243; width_last_edited=&#8220;off|desktop&#8220; max_width=&#8220;100%&#8220; custom_margin=&#8220;|||&#8220; custom_padding=&#8220;3px||0px|||&#8220; custom_width_px=&#8220;1280px&#8220; saved_tabs=&#8220;all&#8220; locked=&#8220;off&#8220; global_colors_info=&#8220;{}&#8220;][et_pb_column type=&#8220;1_4&#8243; _builder_version=&#8220;4.16&#8243; custom_padding=&#8220;|||&#8220; global_colors_info=&#8220;{}&#8220; custom_padding__hover=&#8220;|||&#8220;][et_pb_image src=&#8220;https:\/\/www.cafesillesbalears.com\/wp-content\/uploads\/cafe_mejores_plantaciones-1.png&#8220; title_text=&#8220;kaffee von den besten plantagen&#8220; show_bottom_space=&#8220;off&#8220; align=&#8220;center&#8220; _builder_version=&#8220;4.27.4&#8243; _module_preset=&#8220;default&#8220; hover_enabled=&#8220;0&#8243; animation=&#8220;off&#8220; global_colors_info=&#8220;{}&#8220; alt=&#8220;kaffee von den besten plantagen&#8220; sticky_enabled=&#8220;0&#8243;][\/et_pb_image][et_pb_text _builder_version=&#8220;4.25.2&#8243; _module_preset=&#8220;535bdab9-5279-4482-b40d-c89897971e1c&#8220; header_6_font=&#8220;Oswald|||on|&#8220; header_6_text_color=&#8220;gcid-b247d7e9-2bbc-48fc-81a8-3cd1da3da572&#8243; header_6_font_size=&#8220;16px&#8220; header_6_letter_spacing=&#8220;2px&#8220; header_6_line_height=&#8220;1.7em&#8220; text_orientation=&#8220;center&#8220; header_6_font_size_tablet=&#8220;15px&#8220; header_6_font_size_phone=&#8220;14px&#8220; header_6_font_size_last_edited=&#8220;on|tablet&#8220; locked=&#8220;off&#8220; global_colors_info=&#8220;{%22gcid-b247d7e9-2bbc-48fc-81a8-3cd1da3da572%22:%91%22header_6_text_color%22%93}&#8220;]<\/p>\n<h6>kaffee von den besten plantagen<\/h6>\n<p>[\/et_pb_text][\/et_pb_column][et_pb_column type=&#8220;1_4&#8243; _builder_version=&#8220;4.16&#8243; custom_padding=&#8220;|||&#8220; global_colors_info=&#8220;{}&#8220; custom_padding__hover=&#8220;|||&#8220;][et_pb_image src=&#8220;https:\/\/www.cafesillesbalears.com\/wp-content\/uploads\/cafe_especialmente_fresco.png&#8220; title_text=&#8220;besonders_frischer_Kaffee&#8220; show_bottom_space=&#8220;off&#8220; align=&#8220;center&#8220; _builder_version=&#8220;4.27.4&#8243; _module_preset=&#8220;default&#8220; hover_enabled=&#8220;0&#8243; animation=&#8220;off&#8220; locked=&#8220;off&#8220; global_colors_info=&#8220;{}&#8220; alt=&#8220;Besonders frischer Kaffee&#8220; sticky_enabled=&#8220;0&#8243;][\/et_pb_image][et_pb_text _builder_version=&#8220;4.25.2&#8243; _module_preset=&#8220;535bdab9-5279-4482-b40d-c89897971e1c&#8220; header_6_font=&#8220;|||on|||||&#8220; header_6_text_color=&#8220;gcid-b247d7e9-2bbc-48fc-81a8-3cd1da3da572&#8243; header_6_font_size=&#8220;16px&#8220; header_6_letter_spacing=&#8220;2px&#8220; header_6_line_height=&#8220;1.7em&#8220; text_orientation=&#8220;center&#8220; header_6_font_size_tablet=&#8220;15px&#8220; header_6_font_size_phone=&#8220;14px&#8220; header_6_font_size_last_edited=&#8220;on|tablet&#8220; locked=&#8220;off&#8220; global_colors_info=&#8220;{%22gcid-b247d7e9-2bbc-48fc-81a8-3cd1da3da572%22:%91%22header_6_text_color%22%93}&#8220;]<\/p>\n<h6>besonders frischer kaffee<\/h6>\n<p>[\/et_pb_text][\/et_pb_column][et_pb_column type=&#8220;1_4&#8243; _builder_version=&#8220;4.16&#8243; custom_padding=&#8220;|||&#8220; global_colors_info=&#8220;{}&#8220; custom_padding__hover=&#8220;|||&#8220;][et_pb_image src=&#8220;https:\/\/www.cafesillesbalears.com\/wp-content\/uploads\/cafe_recien_molido.png&#8220; title_text=&#8220;frisch gemahlener kaffee&#8220; show_bottom_space=&#8220;off&#8220; align=&#8220;center&#8220; _builder_version=&#8220;4.27.4&#8243; _module_preset=&#8220;default&#8220; hover_enabled=&#8220;0&#8243; animation=&#8220;off&#8220; locked=&#8220;off&#8220; global_colors_info=&#8220;{}&#8220; alt=&#8220;frisch gemahlener kaffee&#8220; sticky_enabled=&#8220;0&#8243;][\/et_pb_image][et_pb_text _builder_version=&#8220;4.25.2&#8243; _module_preset=&#8220;535bdab9-5279-4482-b40d-c89897971e1c&#8220; header_6_font=&#8220;|||on|||||&#8220; header_6_text_color=&#8220;gcid-b247d7e9-2bbc-48fc-81a8-3cd1da3da572&#8243; header_6_font_size=&#8220;16px&#8220; header_6_letter_spacing=&#8220;2px&#8220; header_6_line_height=&#8220;1.7em&#8220; text_orientation=&#8220;center&#8220; header_6_font_size_tablet=&#8220;15px&#8220; header_6_font_size_phone=&#8220;14px&#8220; header_6_font_size_last_edited=&#8220;on|tablet&#8220; locked=&#8220;off&#8220; global_colors_info=&#8220;{%22gcid-b247d7e9-2bbc-48fc-81a8-3cd1da3da572%22:%91%22header_6_text_color%22%93}&#8220;]<\/p>\n<h6>frisch gemahlener kaffee<\/h6>\n<p>[\/et_pb_text][\/et_pb_column][et_pb_column type=&#8220;1_4&#8243; _builder_version=&#8220;4.16&#8243; custom_padding=&#8220;|||&#8220; global_colors_info=&#8220;{}&#8220; custom_padding__hover=&#8220;|||&#8220;][et_pb_image src=&#8220;https:\/\/www.cafesillesbalears.com\/wp-content\/uploads\/cafe_recien_tostado.png&#8220; title_text=&#8220;handwerklich ger\u00f6steter kaffee&#8220; show_bottom_space=&#8220;off&#8220; align=&#8220;center&#8220; _builder_version=&#8220;4.27.4&#8243; _module_preset=&#8220;default&#8220; hover_enabled=&#8220;0&#8243; animation=&#8220;off&#8220; locked=&#8220;off&#8220; global_colors_info=&#8220;{}&#8220; alt=&#8220;handwerklich ger\u00f6steter kaffee&#8220; sticky_enabled=&#8220;0&#8243;][\/et_pb_image][et_pb_text _builder_version=&#8220;4.25.2&#8243; _module_preset=&#8220;535bdab9-5279-4482-b40d-c89897971e1c&#8220; header_6_font=&#8220;|||on|||||&#8220; header_6_text_color=&#8220;gcid-b247d7e9-2bbc-48fc-81a8-3cd1da3da572&#8243; header_6_font_size=&#8220;16px&#8220; header_6_letter_spacing=&#8220;2px&#8220; header_6_line_height=&#8220;1.7em&#8220; text_orientation=&#8220;center&#8220; header_6_font_size_tablet=&#8220;15px&#8220; header_6_font_size_phone=&#8220;14px&#8220; header_6_font_size_last_edited=&#8220;on|tablet&#8220; locked=&#8220;off&#8220; global_colors_info=&#8220;{%22gcid-b247d7e9-2bbc-48fc-81a8-3cd1da3da572%22:%91%22header_6_text_color%22%93}&#8220;]<\/p>\n<h6>handwerklich ger\u00f6steter kaffee<\/h6>\n<p>[\/et_pb_text][\/et_pb_column][\/et_pb_row][et_pb_row _builder_version=&#8220;4.22.2&#8243; _module_preset=&#8220;default&#8220; custom_padding=&#8220;19px||10px|||&#8220; global_colors_info=&#8220;{}&#8220;][et_pb_column type=&#8220;4_4&#8243; _builder_version=&#8220;4.22.2&#8243; _module_preset=&#8220;default&#8220; global_colors_info=&#8220;{}&#8220;][et_pb_button button_url=&#8220;@ET-DC@eyJkeW5hbWljIjp0cnVlLCJjb250ZW50IjoicG9zdF9saW5rX3VybF9wYWdlIiwic2V0dGluZ3MiOnsicG9zdF9pZCI6IjExIiwiZW5hYmxlX2h0bWwiOiJvZmYifX0=@&#8220; button_text=&#8220;ONLINE-SHOP&#8220; button_alignment=&#8220;center&#8220; _builder_version=&#8220;4.22.2&#8243; _dynamic_attributes=&#8220;button_url&#8220; _module_preset=&#8220;10f46f73-6795-4f83-b0e1-01c54a5251da&#8220; custom_button=&#8220;on&#8220; button_text_size=&#8220;18px&#8220; button_text_color=&#8220;#FFFFFF&#8220; button_bg_color=&#8220;#f74334&#8243; button_border_width=&#8220;0px&#8220; button_border_color=&#8220;#474747&#8243; button_border_radius=&#8220;0px&#8220; button_letter_spacing=&#8220;0.1em&#8220; button_font=&#8220;|||on|||||&#8220; button_icon=&#8220;&#xe015;||divi||400&#8243; button_icon_placement=&#8220;left&#8220; button_on_hover=&#8220;off&#8220; global_colors_info=&#8220;{}&#8220; button_bg_color__hover=&#8220;#000000&#8243; button_bg_color__hover_enabled=&#8220;off|hover&#8220; button_border_color__hover=&#8220;#FFFFFF&#8220; button_border_color__hover_enabled=&#8220;off|hover&#8220; button_bg_enable_color__hover=&#8220;on&#8220;][\/et_pb_button][\/et_pb_column][\/et_pb_row][\/et_pb_section]<\/p>\n","protected":false},"excerpt":{"rendered":"<p>Vertrieb und Distribution von handwerklich ger\u00f6stetem Kaffeekaffee von den besten plantagenKaffeevertrieb in Mallorca Versand auf die Balearischen Inseln, nach Spanien und in europ\u00e4ische L\u00e4nderUnsere kaffeesUnser sorgf\u00e4ltiger und liebevoller Umgang mit dem Produkt ist die Grundlage daf\u00fcr, verschiedene ausgewogene und perfekt aromatisierte Mischungen zu erzielen, die wir Ihnen vorstellen.handwerklich hergestellter kaffeeCaf\u00e8s Illes Balears ist der \u00e4lteste [&hellip;]<\/p>\n","protected":false},"author":1,"featured_media":831,"parent":0,"menu_order":0,"comment_status":"closed","ping_status":"closed","template":"","meta":{"_et_pb_use_builder":"on","_et_pb_old_content":"","_et_gb_content_width":"","_joinchat":[],"footnotes":""},"class_list":["post-857","page","type-page","status-publish","has-post-thumbnail","hentry"],"aioseo_notices":[],"_links":{"self":[{"href":"https:\/\/www.cafesillesbalears.com\/de\/wp-json\/wp\/v2\/pages\/857","targetHints":{"allow":["GET"]}}],"collection":[{"href":"https:\/\/www.cafesillesbalears.com\/de\/wp-json\/wp\/v2\/pages"}],"about":[{"href":"https:\/\/www.cafesillesbalears.com\/de\/wp-json\/wp\/v2\/types\/page"}],"author":[{"embeddable":true,"href":"https:\/\/www.cafesillesbalears.com\/de\/wp-json\/wp\/v2\/users\/1"}],"replies":[{"embeddable":true,"href":"https:\/\/www.cafesillesbalears.com\/de\/wp-json\/wp\/v2\/comments?post=857"}],"version-history":[{"count":3,"href":"https:\/\/www.cafesillesbalears.com\/de\/wp-json\/wp\/v2\/pages\/857\/revisions"}],"predecessor-version":[{"id":2686,"href":"https:\/\/www.cafesillesbalears.com\/de\/wp-json\/wp\/v2\/pages\/857\/revisions\/2686"}],"wp:featuredmedia":[{"embeddable":true,"href":"https:\/\/www.cafesillesbalears.com\/de\/wp-json\/wp\/v2\/media\/831"}],"wp:attachment":[{"href":"https:\/\/www.cafesillesbalears.com\/de\/wp-json\/wp\/v2\/media?parent=857"}],"curies":[{"name":"wp","href":"https:\/\/api.w.org\/{rel}","templated":true}]}}