{"id":895,"date":"2023-10-17T03:34:34","date_gmt":"2023-10-17T03:34:34","guid":{"rendered":"https:\/\/www.cafesillesbalears.com\/cafeteria-y-restaurante-cafes-illes-balears\/"},"modified":"2026-01-19T12:46:54","modified_gmt":"2026-01-19T12:46:54","slug":"coffee-shop-restaurant-mallorca","status":"publish","type":"page","link":"https:\/\/www.cafesillesbalears.com\/en\/coffee-shop-restaurant-mallorca\/","title":{"rendered":"Coffee Shop and Restaurant Caf\u00e9s Illes Balears"},"content":{"rendered":"<p>[et_pb_section fb_built=&#8221;1&#8243; admin_label=&#8221;Header&#8221; _builder_version=&#8221;4.25.1&#8243; _module_preset=&#8221;default&#8221; background_color=&#8221;rgba(0,0,0,0.36)&#8221; background_image=&#8221;https:\/\/www.cafesillesbalears.com\/wp-content\/uploads\/cafes-illes-balears-cafes-artesanos-mallroca.jpg&#8221; background_blend=&#8221;soft-light&#8221; custom_padding=&#8221;4vw||4vw||true|false&#8221; locked=&#8221;off&#8221; collapsed=&#8221;on&#8221; global_colors_info=&#8221;{}&#8221;][et_pb_row _builder_version=&#8221;4.21.0&#8243; _module_preset=&#8221;default&#8221; max_width=&#8221;600px&#8221; custom_padding=&#8221;45px||45px||true|&#8221; global_colors_info=&#8221;{}&#8221;][et_pb_column type=&#8221;4_4&#8243; _builder_version=&#8221;4.21.0&#8243; _module_preset=&#8221;default&#8221; global_colors_info=&#8221;{}&#8221;][et_pb_text _builder_version=&#8221;4.22.2&#8243; _module_preset=&#8221;66c9717b-7f08-4a87-bcae-f43904c1f2d7&#8243; header_font=&#8221;|||on|||||&#8221; header_text_color=&#8221;#FFFFFF&#8221; header_font_size=&#8221;50px&#8221; text_orientation=&#8221;center&#8221; custom_margin=&#8221;||10px||false|false&#8221; custom_padding=&#8221;||0px|||&#8221; header_font_size_phone=&#8221;38px&#8221; global_colors_info=&#8221;{}&#8221;]<\/p>\n<h1>Coffee Shop and Restaurant<\/h1>\n<p>[\/et_pb_text][et_pb_text _builder_version=&#8221;4.22.2&#8243; _module_preset=&#8221;d61d1e09-0291-4701-b31d-543d6d25d6f1&#8243; text_text_color=&#8221;#FFFFFF&#8221; header_2_text_color=&#8221;#dddddd&#8221; header_2_font_size=&#8221;27px&#8221; text_orientation=&#8221;center&#8221; custom_margin=&#8221;-9px|||||&#8221; locked=&#8221;off&#8221; global_colors_info=&#8221;{}&#8221;]<\/p>\n<h2>Caf\u00e8s Illes Balears<\/h2>\n<p>[\/et_pb_text][\/et_pb_column][\/et_pb_row][\/et_pb_section][et_pb_section fb_built=&#8221;1&#8243; admin_label=&#8221;Features&#8221; _builder_version=&#8221;4.22.2&#8243; _module_preset=&#8221;default&#8221; custom_margin_tablet=&#8221;&#8221; custom_margin_phone=&#8221;&#8221; custom_margin_last_edited=&#8221;on|phone&#8221; custom_padding=&#8221;20px||20px||true|false&#8221; locked=&#8221;off&#8221; collapsed=&#8221;on&#8221; global_colors_info=&#8221;{}&#8221;][et_pb_row admin_label=&#8221;tittle Row&#8221; _builder_version=&#8221;4.22.2&#8243; _module_preset=&#8221;default&#8221; width_tablet=&#8221;90%&#8221; width_phone=&#8221;90%&#8221; width_last_edited=&#8221;on|tablet&#8221; custom_margin=&#8221;|||&#8221; custom_width_px=&#8221;1280px&#8221; global_colors_info=&#8221;{}&#8221;][et_pb_column type=&#8221;4_4&#8243; _builder_version=&#8221;4.16&#8243; _module_preset=&#8221;default&#8221; custom_padding=&#8221;|||&#8221; global_colors_info=&#8221;{}&#8221; custom_padding__hover=&#8221;|||&#8221;][et_pb_image src=&#8221;https:\/\/www.cafesillesbalears.com\/wp-content\/uploads\/cafeteria.png&#8221; title_text=&#8221;Coffee Shop&#8221; align=&#8221;center&#8221; _builder_version=&#8221;4.22.2&#8243; _module_preset=&#8221;default&#8221; custom_margin=&#8221;||4px|||&#8221; global_colors_info=&#8221;{}&#8221;][\/et_pb_image][et_pb_text admin_label=&#8221;Tittle&#8221; _builder_version=&#8221;4.22.2&#8243; _module_preset=&#8221;46458431-5c1b-43f0-9c20-0d5b28865830&#8243; text_font=&#8221;||||||||&#8221; header_font=&#8221;||||||||&#8221; header_2_font=&#8221;|||on|||||&#8221; text_orientation=&#8221;center&#8221; custom_margin=&#8221;||10px||false|false&#8221; global_colors_info=&#8221;{}&#8221;]<\/p>\n<h2>Coffee Shop<\/h2>\n<p>[\/et_pb_text][et_pb_text disabled_on=&#8221;off|off|off&#8221; admin_label=&#8221;Texts&#8221; _builder_version=&#8221;4.24.2&#8243; _module_preset=&#8221;d61d1e09-0291-4701-b31d-543d6d25d6f1&#8243; text_font=&#8221;||||||||&#8221; text_orientation=&#8221;center&#8221; max_width_tablet=&#8221;&#8221; max_width_phone=&#8221;&#8221; max_width_last_edited=&#8221;on|phone&#8221; custom_padding=&#8221;0px|||||&#8221; text_font_size_phone=&#8221;16px&#8221; locked=&#8221;off&#8221; global_colors_info=&#8221;{}&#8221;]<\/p>\n<p><em><strong>In our Cafeteria you can taste all our freshly roasted coffees.<\/strong><\/em><\/p>\n<p>And for this we have our coffee menu: You can choose your favourite coffee from all the different preparation methods.<\/p>\n<p>Pair your coffee with our homemade sweets or enjoy it with a typical Majorcan snack or a good variat, a mixed dish of Majorcan delicacies.<\/p>\n<p>[\/et_pb_text][\/et_pb_column][\/et_pb_row][et_pb_row admin_label=&#8221;tittle Row&#8221; _builder_version=&#8221;4.22.2&#8243; _module_preset=&#8221;default&#8221; width_tablet=&#8221;90%&#8221; width_phone=&#8221;90%&#8221; width_last_edited=&#8221;on|tablet&#8221; custom_margin=&#8221;|||&#8221; custom_width_px=&#8221;1280px&#8221; global_colors_info=&#8221;{}&#8221;][et_pb_column type=&#8221;4_4&#8243; _builder_version=&#8221;4.16&#8243; _module_preset=&#8221;default&#8221; custom_padding=&#8221;|||&#8221; global_colors_info=&#8221;{}&#8221; custom_padding__hover=&#8221;|||&#8221;][et_pb_image src=&#8221;https:\/\/www.cafesillesbalears.com\/wp-content\/uploads\/plato.png&#8221; title_text=&#8221;Restaurant in Mallorca&#8221; align=&#8221;center&#8221; _builder_version=&#8221;4.22.2&#8243; _module_preset=&#8221;default&#8221; custom_margin=&#8221;||16px|||&#8221; global_colors_info=&#8221;{}&#8221;][\/et_pb_image][et_pb_text admin_label=&#8221;Tittle&#8221; _builder_version=&#8221;4.22.2&#8243; _module_preset=&#8221;46458431-5c1b-43f0-9c20-0d5b28865830&#8243; text_font=&#8221;||||||||&#8221; header_font=&#8221;||||||||&#8221; header_2_font=&#8221;|||on|||||&#8221; text_orientation=&#8221;center&#8221; custom_margin=&#8221;||10px||false|false&#8221; global_colors_info=&#8221;{}&#8221;]<\/p>\n<h2>Restaurant<\/h2>\n<p>[\/et_pb_text][et_pb_text disabled_on=&#8221;off|off|off&#8221; admin_label=&#8221;Texts&#8221; _builder_version=&#8221;4.27.4&#8243; _module_preset=&#8221;d61d1e09-0291-4701-b31d-543d6d25d6f1&#8243; text_font=&#8221;||||||||&#8221; header_4_font_size=&#8221;26px&#8221; text_orientation=&#8221;center&#8221; max_width_tablet=&#8221;&#8221; max_width_phone=&#8221;&#8221; max_width_last_edited=&#8221;on|phone&#8221; text_font_size_phone=&#8221;16px&#8221; locked=&#8221;off&#8221; global_colors_info=&#8221;{}&#8221;]<\/p>\n<p>And every lunchtime in our restaurant, you can enjoy the typical &#8220;Variado Mallorqu\u00edn (Majorcan dish) and our homemade desserts. <\/p>\n<p> Come and meet us !<\/p>\n<p>[\/et_pb_text][\/et_pb_column][\/et_pb_row][et_pb_row column_structure=&#8221;1_3,1_3,1_3&#8243; _builder_version=&#8221;4.25.1&#8243; _module_preset=&#8221;default&#8221; global_colors_info=&#8221;{}&#8221;][et_pb_column type=&#8221;1_3&#8243; _builder_version=&#8221;4.25.1&#8243; _module_preset=&#8221;default&#8221; global_colors_info=&#8221;{}&#8221;][et_pb_blurb title=&#8221;Location&#8221; use_icon=&#8221;on&#8221; font_icon=&#8221;&#xf3c5;||fa||900&#8243; image_icon_width=&#8221;60px&#8221; _builder_version=&#8221;4.25.1&#8243; _module_preset=&#8221;default&#8221; header_text_align=&#8221;center&#8221; global_colors_info=&#8221;{}&#8221;]<\/p>\n<p style=\"text-align: center;\">Andreu Bibiloni 14<br \/>07198, Palma de Mallorca<\/p>\n<p>[\/et_pb_blurb][\/et_pb_column][et_pb_column type=&#8221;1_3&#8243; _builder_version=&#8221;4.25.1&#8243; _module_preset=&#8221;default&#8221; global_colors_info=&#8221;{}&#8221;][et_pb_blurb title=&#8221;Phone&#8221; use_icon=&#8221;on&#8221; font_icon=&#8221;&#xe090;||divi||400&#8243; image_icon_width=&#8221;60px&#8221; _builder_version=&#8221;4.25.1&#8243; _module_preset=&#8221;default&#8221; header_text_align=&#8221;center&#8221; custom_margin=&#8221;||11px|||&#8221; global_colors_info=&#8221;{}&#8221;]<\/p>\n<p style=\"text-align: center;\"><a href=\"tel:+34971429057\" title=\"Phone Caf\u00e9s Illes Balears\">971 429 057<\/a><\/p>\n<p>[\/et_pb_blurb][et_pb_button button_url=&#8221;tel:+34971429057&#8243; button_text=&#8221;BOOK YOUR TABLE&#8221; button_alignment=&#8221;center&#8221; _builder_version=&#8221;4.25.1&#8243; _module_preset=&#8221;10f46f73-6795-4f83-b0e1-01c54a5251da&#8221; custom_button=&#8221;on&#8221; button_text_size=&#8221;18px&#8221; button_text_color=&#8221;#FFFFFF&#8221; button_bg_color=&#8221;#f74334&#8243; button_border_width=&#8221;0px&#8221; button_border_color=&#8221;#474747&#8243; button_border_radius=&#8221;0px&#8221; button_letter_spacing=&#8221;0.1em&#8221; button_font=&#8221;|||on|||||&#8221; button_icon=&#8221;&#xe090;||divi||400&#8243; button_icon_placement=&#8221;left&#8221; button_on_hover=&#8221;off&#8221; global_colors_info=&#8221;{}&#8221; button_bg_color__hover=&#8221;#000000&#8243; button_bg_color__hover_enabled=&#8221;off|hover&#8221; button_border_color__hover=&#8221;#FFFFFF&#8221; button_border_color__hover_enabled=&#8221;off|hover&#8221; button_bg_enable_color__hover=&#8221;on&#8221;][\/et_pb_button][\/et_pb_column][et_pb_column type=&#8221;1_3&#8243; _builder_version=&#8221;4.25.1&#8243; _module_preset=&#8221;default&#8221; global_colors_info=&#8221;{}&#8221;][et_pb_blurb title=&#8221;Opening Hours&#8221; use_icon=&#8221;on&#8221; font_icon=&#8221;&#xe06b;||divi||400&#8243; image_icon_width=&#8221;60px&#8221; _builder_version=&#8221;4.27.4&#8243; _module_preset=&#8221;default&#8221; header_text_align=&#8221;center&#8221; global_module=&#8221;2701&#8243; saved_tabs=&#8221;all&#8221; global_colors_info=&#8221;{}&#8221;]<\/p>\n<p style=\"text-align: center;\">De Lunes a Viernes<br \/>6 a 18 Hs<br \/>* Cocina de 8:30 a 16 Hs.<\/p>\n<p>[\/et_pb_blurb][\/et_pb_column][\/et_pb_row][\/et_pb_section][et_pb_section fb_built=&#8221;1&#8243; _builder_version=&#8221;4.22.2&#8243; _module_preset=&#8221;default&#8221; background_image=&#8221;https:\/\/www.cafesillesbalears.com\/wp-content\/uploads\/bg-cafe-illes-balears.jpg&#8221; parallax=&#8221;on&#8221; global_colors_info=&#8221;{}&#8221;][et_pb_row _builder_version=&#8221;4.22.2&#8243; _module_preset=&#8221;default&#8221; background_color=&#8221;#FFFFFF&#8221; width=&#8221;90%&#8221; custom_padding=&#8221;||13px|||&#8221; global_colors_info=&#8221;{}&#8221;][et_pb_column type=&#8221;4_4&#8243; _builder_version=&#8221;4.22.2&#8243; _module_preset=&#8221;default&#8221; global_colors_info=&#8221;{}&#8221;][et_pb_text admin_label=&#8221;Tittle&#8221; _builder_version=&#8221;4.22.2&#8243; _module_preset=&#8221;46458431-5c1b-43f0-9c20-0d5b28865830&#8243; text_font=&#8221;||||||||&#8221; header_font=&#8221;||||||||&#8221; header_2_font=&#8221;|||on|||||&#8221; text_orientation=&#8221;center&#8221; custom_margin=&#8221;||0px||false|false&#8221; global_colors_info=&#8221;{}&#8221;]<\/p>\n<h2>SEND US YOUR INQUIRY<\/h2>\n<p>[\/et_pb_text][et_pb_text _builder_version=&#8221;4.25.1&#8243; _module_preset=&#8221;default&#8221; text_font_size=&#8221;16px&#8221; text_line_height=&#8221;1.4em&#8221; custom_margin=&#8221;||13px|||&#8221; custom_padding=&#8221;|5px||5px|false|true&#8221; global_colors_info=&#8221;{}&#8221;]<\/p>\n<p style=\"text-align: center;\">This form is only valid for enquiries, for bookings please call us by phone<\/p>\n<p>[\/et_pb_text][et_pb_contact_form use_spam_service=&#8221;on&#8221; recaptcha_list=&#8221;CB345Y|CB345Y-0&#8243; email=&#8221;info@cafesillesbalears.com&#8221; success_message=&#8221;&lt;p style=&quot;%22text-align:&quot; center=&quot;&quot;&gt;&lt;strong&gt;Your message has been sent !&lt;\/strong&gt;&lt;\/p&gt;&#8221; submit_button_text=&#8221;Send&#8221; _builder_version=&#8221;4.27.5&#8243; _module_preset=&#8221;default&#8221; _unique_id=&#8221;caferestaurante&#8221; custom_margin=&#8221;||-3px|||&#8221; custom_padding=&#8221;20px|35px|20px|35px|true|true&#8221; custom_padding_tablet=&#8221;|20px||20px|true|true&#8221; custom_padding_phone=&#8221;|20px||20px|true|true&#8221; custom_padding_last_edited=&#8221;on|phone&#8221; hover_enabled=&#8221;0&#8243; use_custom_message_richtext=&#8221;on&#8221; custom_message_richtext=&#8221;<\/p>\n<p>FORMULARIO CONTACTO DE LA WEB<\/p>\n<p>Secci\u00f3n: Cafeter\u00eda y Restaurante<\/p>\n<p>Nombre: %%nombre%%<\/p>\n<p>Email: %%email%%<\/p>\n<p>Tel\u00e9fono: %%telefono%%<\/p>\n<p>Mensaje:<\/p>\n<p>%%mensaje%%<\/p>\n<p>RGPD: %%RGPD%%<\/p>\n<p>&#8221; admin_email_subject=&#8221;formulario contacto Restaurante&#8221; admin_email_cc=&#8221;webmaster@cafesillesbalears.com&#8221; send_files_as_attachment=&#8221;off&#8221; submit_button_wait_text=&#8221;ENVIANDO&#8230;..&#8221; saved_tabs=&#8221;all&#8221; global_colors_info=&#8221;{}&#8221; sticky_enabled=&#8221;0&#8243;][et_pb_contact_field field_id=&#8221;nombre&#8221; field_title=&#8221;Name&#8221; _builder_version=&#8221;4.25.1&#8243; global_colors_info=&#8221;{}&#8221; button_text_size__hover_enabled=&#8221;off&#8221; button_one_text_size__hover_enabled=&#8221;off&#8221; button_two_text_size__hover_enabled=&#8221;off&#8221; button_text_color__hover_enabled=&#8221;off&#8221; button_one_text_color__hover_enabled=&#8221;off&#8221; button_two_text_color__hover_enabled=&#8221;off&#8221; button_border_width__hover_enabled=&#8221;off&#8221; button_one_border_width__hover_enabled=&#8221;off&#8221; button_two_border_width__hover_enabled=&#8221;off&#8221; button_border_color__hover_enabled=&#8221;off&#8221; button_one_border_color__hover_enabled=&#8221;off&#8221; button_two_border_color__hover_enabled=&#8221;off&#8221; button_border_radius__hover_enabled=&#8221;off&#8221; button_one_border_radius__hover_enabled=&#8221;off&#8221; button_two_border_radius__hover_enabled=&#8221;off&#8221; button_letter_spacing__hover_enabled=&#8221;off&#8221; button_one_letter_spacing__hover_enabled=&#8221;off&#8221; button_two_letter_spacing__hover_enabled=&#8221;off&#8221; button_bg_color__hover_enabled=&#8221;off&#8221; button_one_bg_color__hover_enabled=&#8221;off&#8221; button_two_bg_color__hover_enabled=&#8221;off&#8221;][\/et_pb_contact_field][et_pb_contact_field field_id=&#8221;telefono&#8221; field_title=&#8221;Phone&#8221; allowed_symbols=&#8221;numbers&#8221; _builder_version=&#8221;4.25.1&#8243; global_colors_info=&#8221;{}&#8221; button_text_size__hover_enabled=&#8221;off&#8221; button_one_text_size__hover_enabled=&#8221;off&#8221; button_two_text_size__hover_enabled=&#8221;off&#8221; button_text_color__hover_enabled=&#8221;off&#8221; button_one_text_color__hover_enabled=&#8221;off&#8221; button_two_text_color__hover_enabled=&#8221;off&#8221; button_border_width__hover_enabled=&#8221;off&#8221; button_one_border_width__hover_enabled=&#8221;off&#8221; button_two_border_width__hover_enabled=&#8221;off&#8221; button_border_color__hover_enabled=&#8221;off&#8221; button_one_border_color__hover_enabled=&#8221;off&#8221; button_two_border_color__hover_enabled=&#8221;off&#8221; button_border_radius__hover_enabled=&#8221;off&#8221; button_one_border_radius__hover_enabled=&#8221;off&#8221; button_two_border_radius__hover_enabled=&#8221;off&#8221; button_letter_spacing__hover_enabled=&#8221;off&#8221; button_one_letter_spacing__hover_enabled=&#8221;off&#8221; button_two_letter_spacing__hover_enabled=&#8221;off&#8221; button_bg_color__hover_enabled=&#8221;off&#8221; button_one_bg_color__hover_enabled=&#8221;off&#8221; button_two_bg_color__hover_enabled=&#8221;off&#8221;][\/et_pb_contact_field][et_pb_contact_field field_id=&#8221;Email&#8221; field_title=&#8221;Email&#8221; field_type=&#8221;email&#8221; fullwidth_field=&#8221;on&#8221; _builder_version=&#8221;4.25.1&#8243; global_colors_info=&#8221;{}&#8221; button_text_size__hover_enabled=&#8221;off&#8221; button_one_text_size__hover_enabled=&#8221;off&#8221; button_two_text_size__hover_enabled=&#8221;off&#8221; button_text_color__hover_enabled=&#8221;off&#8221; button_one_text_color__hover_enabled=&#8221;off&#8221; button_two_text_color__hover_enabled=&#8221;off&#8221; button_border_width__hover_enabled=&#8221;off&#8221; button_one_border_width__hover_enabled=&#8221;off&#8221; button_two_border_width__hover_enabled=&#8221;off&#8221; button_border_color__hover_enabled=&#8221;off&#8221; button_one_border_color__hover_enabled=&#8221;off&#8221; button_two_border_color__hover_enabled=&#8221;off&#8221; button_border_radius__hover_enabled=&#8221;off&#8221; button_one_border_radius__hover_enabled=&#8221;off&#8221; button_two_border_radius__hover_enabled=&#8221;off&#8221; button_letter_spacing__hover_enabled=&#8221;off&#8221; button_one_letter_spacing__hover_enabled=&#8221;off&#8221; button_two_letter_spacing__hover_enabled=&#8221;off&#8221; button_bg_color__hover_enabled=&#8221;off&#8221; button_one_bg_color__hover_enabled=&#8221;off&#8221; button_two_bg_color__hover_enabled=&#8221;off&#8221;][\/et_pb_contact_field][et_pb_contact_field field_id=&#8221;mensaje&#8221; field_title=&#8221;Message&#8221; field_type=&#8221;text&#8221; fullwidth_field=&#8221;on&#8221; _builder_version=&#8221;4.25.1&#8243; global_colors_info=&#8221;{}&#8221; button_text_size__hover_enabled=&#8221;off&#8221; button_one_text_size__hover_enabled=&#8221;off&#8221; button_two_text_size__hover_enabled=&#8221;off&#8221; button_text_color__hover_enabled=&#8221;off&#8221; button_one_text_color__hover_enabled=&#8221;off&#8221; button_two_text_color__hover_enabled=&#8221;off&#8221; button_border_width__hover_enabled=&#8221;off&#8221; button_one_border_width__hover_enabled=&#8221;off&#8221; button_two_border_width__hover_enabled=&#8221;off&#8221; button_border_color__hover_enabled=&#8221;off&#8221; button_one_border_color__hover_enabled=&#8221;off&#8221; button_two_border_color__hover_enabled=&#8221;off&#8221; button_border_radius__hover_enabled=&#8221;off&#8221; button_one_border_radius__hover_enabled=&#8221;off&#8221; button_two_border_radius__hover_enabled=&#8221;off&#8221; button_letter_spacing__hover_enabled=&#8221;off&#8221; button_one_letter_spacing__hover_enabled=&#8221;off&#8221; button_two_letter_spacing__hover_enabled=&#8221;off&#8221; button_bg_color__hover_enabled=&#8221;off&#8221; button_one_bg_color__hover_enabled=&#8221;off&#8221; button_two_bg_color__hover_enabled=&#8221;off&#8221;][\/et_pb_contact_field][et_pb_contact_field field_id=&#8221;RGPD&#8221; field_title=&#8221;RGPD&#8221; field_type=&#8221;checkbox&#8221; checkbox_options=&#8221;%91{%22value%22:%22Yes, I have read and accept the privacy policy.%22,%22checked%22:0,%22dragID%22:0,%22link_url%22:%22%92\/politica-privacidad%22}%93&#8243; fullwidth_field=&#8221;on&#8221; _builder_version=&#8221;4.25.1&#8243; _module_preset=&#8221;default&#8221; global_colors_info=&#8221;{}&#8221;][\/et_pb_contact_field][\/et_pb_contact_form][et_pb_text _builder_version=&#8221;4.27.4&#8243; _module_preset=&#8221;default&#8221; text_font_size=&#8221;13px&#8221; text_orientation=&#8221;center&#8221; custom_padding=&#8221;|25px||25px|true|true&#8221; global_module=&#8221;520&#8243; saved_tabs=&#8221;all&#8221; global_colors_info=&#8221;{}&#8221;]<\/p>\n<p>RESPONSABLE: Caf\u00e8s Illes Balears, Ramis Vidal, SL. FINALIDAD PRINCIPAL: Env\u00edo de la informaci\u00f3n solicitada. LEGITIMACI\u00d3N: Consentimiento del interesado. DESTINATARIOS: No se ceder\u00e1n datos a terceros, salvo autorizaci\u00f3n expresa u obligaci\u00f3n legal &#8211; DERECHOS: Acceder, rectificar y suprimir los datos, portabilidad de los datos, limitaci\u00f3n u oposici\u00f3n a su tratamiento, transparencia y derecho a no ser objeto de decisiones automatizadas. INFORMACI\u00d3N ADICIONAL: Puede consultar la informaci\u00f3n adicional y detallada en nuestra Pol\u00edtica de Privacidad y el Aviso legal<\/p>\n<p>[\/et_pb_text][\/et_pb_column][\/et_pb_row][\/et_pb_section][et_pb_section fb_built=&#8221;1&#8243; _builder_version=&#8221;4.22.2&#8243; _module_preset=&#8221;default&#8221; custom_padding=&#8221;8px|||||&#8221; global_module=&#8221;200&#8243; saved_tabs=&#8221;all&#8221; global_colors_info=&#8221;{}&#8221;][et_pb_row _builder_version=&#8221;4.24.2&#8243; _module_preset=&#8221;default&#8221; width=&#8221;100%&#8221; max_width=&#8221;95%&#8221; global_colors_info=&#8221;{}&#8221;][et_pb_column type=&#8221;4_4&#8243; _builder_version=&#8221;4.22.2&#8243; _module_preset=&#8221;default&#8221; global_colors_info=&#8221;{}&#8221;][et_pb_text _builder_version=&#8221;4.24.2&#8243; _module_preset=&#8221;8e4ecd9c-6c3b-4f17-8257-9a70b9c79c3e&#8221; header_2_font=&#8221;|||on|||||&#8221; header_2_text_align=&#8221;center&#8221; header_2_font_size=&#8221;40px&#8221; header_2_letter_spacing=&#8221;1px&#8221; header_2_line_height=&#8221;1.5em&#8221; custom_margin=&#8221;||10px||false|false&#8221; header_2_text_align_tablet=&#8221;center&#8221; header_2_text_align_phone=&#8221;center&#8221; header_2_text_align_last_edited=&#8221;off|desktop&#8221; header_2_font_size_tablet=&#8221;32px&#8221; header_2_font_size_phone=&#8221;24px&#8221; header_2_font_size_last_edited=&#8221;on|phone&#8221; locked=&#8221;off&#8221; global_colors_info=&#8221;{}&#8221;]<\/p>\n<h2>Our Coffees<\/h2>\n<p>[\/et_pb_text][et_pb_text _builder_version=&#8221;4.24.2&#8243; _module_preset=&#8221;default&#8221; text_font_size=&#8221;18px&#8221; text_orientation=&#8221;center&#8221; width=&#8221;80%&#8221; module_alignment=&#8221;center&#8221; global_colors_info=&#8221;{}&#8221;]<\/p>\n<p><em>The treatment we use, together with the attention we dedicate it, is the basis for achieving the different balanced and perfectly flavoured blends that we present here.<\/em><\/p>\n<p>[\/et_pb_text][et_pb_shop type=&#8221;product_category&#8221; posts_number=&#8221;5&#8243; include_categories=&#8221;16&#8243; columns_number=&#8221;5&#8243; show_rating=&#8221;off&#8221; _builder_version=&#8221;4.27.4&#8243; _module_preset=&#8221;default&#8221; title_text_align=&#8221;center&#8221; title_font_size=&#8221;20px&#8221; price_text_align=&#8221;center&#8221; price_font_size=&#8221;18px&#8221; global_colors_info=&#8221;{}&#8221;][\/et_pb_shop][\/et_pb_column][\/et_pb_row][\/et_pb_section]<\/p>\n","protected":false},"excerpt":{"rendered":"<p>Coffee Shop and RestaurantCaf\u00e8s Illes BalearsCoffee ShopIn our Cafeteria you can taste all our freshly roasted coffees. And for this we have our coffee menu: You can choose your favourite coffee from all the different preparation methods. Pair your coffee with our homemade sweets or enjoy it with a typical Majorcan snack or a good [&hellip;]<\/p>\n","protected":false},"author":1,"featured_media":770,"parent":0,"menu_order":0,"comment_status":"closed","ping_status":"closed","template":"","meta":{"_et_pb_use_builder":"on","_et_pb_old_content":"","_et_gb_content_width":"","_joinchat":[],"footnotes":""},"class_list":["post-895","page","type-page","status-publish","has-post-thumbnail","hentry"],"aioseo_notices":[],"_links":{"self":[{"href":"https:\/\/www.cafesillesbalears.com\/en\/wp-json\/wp\/v2\/pages\/895","targetHints":{"allow":["GET"]}}],"collection":[{"href":"https:\/\/www.cafesillesbalears.com\/en\/wp-json\/wp\/v2\/pages"}],"about":[{"href":"https:\/\/www.cafesillesbalears.com\/en\/wp-json\/wp\/v2\/types\/page"}],"author":[{"embeddable":true,"href":"https:\/\/www.cafesillesbalears.com\/en\/wp-json\/wp\/v2\/users\/1"}],"replies":[{"embeddable":true,"href":"https:\/\/www.cafesillesbalears.com\/en\/wp-json\/wp\/v2\/comments?post=895"}],"version-history":[{"count":9,"href":"https:\/\/www.cafesillesbalears.com\/en\/wp-json\/wp\/v2\/pages\/895\/revisions"}],"predecessor-version":[{"id":2809,"href":"https:\/\/www.cafesillesbalears.com\/en\/wp-json\/wp\/v2\/pages\/895\/revisions\/2809"}],"wp:featuredmedia":[{"embeddable":true,"href":"https:\/\/www.cafesillesbalears.com\/en\/wp-json\/wp\/v2\/media\/770"}],"wp:attachment":[{"href":"https:\/\/www.cafesillesbalears.com\/en\/wp-json\/wp\/v2\/media?parent=895"}],"curies":[{"name":"wp","href":"https:\/\/api.w.org\/{rel}","templated":true}]}}